{"id":308,"date":"2024-08-08T08:46:56","date_gmt":"2024-08-08T06:46:56","guid":{"rendered":"https:\/\/skupstina.hkdrustvo.hr\/49-2024\/?page_id=308"},"modified":"2024-11-15T08:56:49","modified_gmt":"2024-11-15T07:56:49","slug":"program-2","status":"publish","type":"page","link":"https:\/\/skupstina.hkdrustvo.hr\/49-2024\/program-2\/","title":{"rendered":"Program"},"content":{"rendered":"\n<h5 class=\"wp-block-heading\">49. SKUP\u0160TINA HRVATSKOGA KNJI\u017dNI\u010cARSKOG DRU\u0160TVA: Knji\u017enica i zajednica: inovativnost, inkluzivnost, raznolikost i odr\u017eivost<\/h5>\n\n\n\n<h6 class=\"wp-block-heading\">Opatija, Grand Hotel Adriatic I, 13. \u2013 16. studenoga 2024.<\/h6>\n\n\n\n<hr class=\"wp-block-separator has-alpha-channel-opacity is-style-wide\"\/>\n\n\n<h3 style=\"text-align: left;\"><span style=\"color: #800080;\">SRIJEDA, 13. studenoga 2024.<\/span><\/h3>\n<h4><span style=\"color: #800080;\">Registracijski pult<\/span><\/h4>\n<h5>10:00 \u2013 14:00 Registracija sudionika<\/h5>\n<h4><span style=\"color: #800080;\">Kongresna dvorana<\/span><\/h4>\n<h5>14:00 \u2013 16:30\u00a0<\/h5>\n<p style=\"padding-left: 40px;\">IZBORNA SKUP\u0160TINA HRVATSKOGA KNJI\u017dNI\u010cARSKOG DRU\u0160TVA<\/p>\n<h5>16:30 &#8211; 17:00 Pauza<\/h5>\n<h5>17:00- 18:30 Zajedni\u010dki sastana predstavnika IFLA MLAS i \u010dlanova Hrvatskoga knji\u017eni\u010darskog dru\u0161tva<\/h5>\n<p style=\"padding-left: 40px;\">BUILDING STRONG LIBRARY ASSOCIATIONS: STRATEGIC PLANNING FOR SUCCESS AND IMPACTFUL LIBRARY SERVICES<\/p>\n<p style=\"padding-left: 40px;\"><span style=\"color: #808080;\">Loida Garcia-Febo, Loida Garcia-Febo, predsjednica IFLA Sekcije za upravljanje knji\u017eni\u010darskim udrugama <a href=\"https:\/\/www.facebook.com\/reel\/1060496362225151\"><span style=\"color: #cc99ff;\">pozdrav<\/span><\/a><\/span><\/p>\n<p style=\"padding-left: 40px;\"><span style=\"color: #808080;\">Juha Maninen, glavni tajnik Finskog knji\u017eni\u010darskog udru\u017eenja<\/span><\/p>\n<p style=\"padding-left: 40px;\"><span style=\"color: #808080;\">Namutenya Hamwaalwa, zamjenica direktora u Ministarstvu obrazovanja, umjetnosti i kulture Namibije<\/span><\/p>\n<p style=\"padding-left: 40px;\"><span style=\"color: #808080;\">Susan Haigh, izvr\u0161na direktorica Kanadske udruge istra\u017eiva\u010dkih knji\u017enica (CARL)<\/span><\/p>\n<p style=\"padding-left: 40px;\"><span style=\"color: #808080;\">dr. sc. Dijana Machala, pomo\u0107nica ravnatelja NSK za djelatnost sredi\u0161nje knji\u017enice Sveu\u010dili\u0161ta u Zagrebu<\/span><\/p>\n\n\n<hr class=\"wp-block-separator has-alpha-channel-opacity is-style-wide\"\/>\n\n\n<h3><span style=\"color: #800080;\">\u010cETVRTAK, 14. studenoga 2024.<\/span><\/h3>\n<h4><span style=\"color: #800080;\">Registracijski pult<\/span><\/h4>\n<h5>9:00 \u2013 14:00 Registracija sudionika\u00a0<\/h5>\n<h4><span style=\"color: #800080;\">Kongresna dvorana<\/span><\/h4>\n<h5>9:00-10:05 Posterska izlaganja<\/h5>\n<p>moderira: Karolina Zlatar Radigovi\u0107<\/p>\n<p style=\"padding-left: 40px;\">DIGITALIZACIJA POSLOVANJA CIP UREDA U NACIONALNOJ I SVEU\u010cILI\u0160NOJ KNJI\u017dNICI:<br \/>10 GODINA OD USPOSTAVE MRE\u017dNOG OBRASCA ZAHTJEVA ZA IZRADU CIP-a CIP-a (2014. \u2013 2024.) <a href=\"https:\/\/skupstina.hkdrustvo.hr\/49-2024\/wp-content\/uploads\/sites\/2\/2024\/11\/3-dio-Meri-1-2-Machala.pdf\"><span style=\"color: #99ccff;\">sa\u017eetak<\/span> <\/a><a href=\"https:\/\/skupstina.hkdrustvo.hr\/49-2024\/wp-content\/uploads\/sites\/2\/2024\/11\/Digitalizacija-poslovanja-CIP-ureda-u-Nacionalnoj-i-sveucilisnoj-knjiznici_Machala-Lobel.pdf\"><span style=\"color: #99cc00;\">e-poster<\/span><\/a><br \/><span style=\"color: #808080;\">dr. sc. Lobel Machala, knji\u017eni\u010darski savjetnik<\/span><\/p>\n<p style=\"padding-left: 40px;\">E-PRAKTIKUM ZA NAKLADNIKE: OBVEZNI PRIMJERAK DIGITALNE GRA\u0110E <a href=\"https:\/\/skupstina.hkdrustvo.hr\/49-2024\/wp-content\/uploads\/sites\/2\/2024\/11\/3-dio-Meri-3-4-Golubovic.pdf\"><span style=\"color: #99ccff;\">sa\u017eetak<\/span> <\/a><a href=\"https:\/\/skupstina.hkdrustvo.hr\/49-2024\/wp-content\/uploads\/sites\/2\/2024\/11\/E-praktikum_Golubovic-Vesna.pdf\"><span style=\"color: #99cc00;\">e-poster<\/span><\/a><br \/><span style=\"color: #808080;\">dr. sc. Vesna Golubovi\u0107, knji\u017eni\u010darska savjetnica <\/span><br \/><span style=\"color: #808080;\">Nikolina \u0160trbac, knji\u017eni\u010darka<\/span><\/p>\n<p style=\"padding-left: 40px;\">ULOGA ME\u0110UNARODNOG STANDARDNOG IDENTIFIKATORA ZA KNJI\u017dNICE U UNAPRJE\u0110ENJU RAZMJENE PODATAKA I ME\u0110UKNJI\u017dNI\u010cNOJ SURADNJI <a href=\"https:\/\/skupstina.hkdrustvo.hr\/49-2024\/wp-content\/uploads\/sites\/2\/2024\/11\/3-dio-Meri-5-6-Katulic.pdf\"><span style=\"color: #99ccff;\">sa\u017eetak<\/span> <\/a><a href=\"https:\/\/skupstina.hkdrustvo.hr\/49-2024\/wp-content\/uploads\/sites\/2\/2024\/11\/Uloga-medunarodnog-standardnog-identifikatora-Katulic_Anita-poster-16x9-1.pdf\"><span style=\"color: #99cc00;\">e-poster<\/span><\/a><br \/><span style=\"color: #808080;\">dr. sc. Anita Katuli\u0107, knji\u017eni\u010darska savjetnica<\/span><\/p>\n<p style=\"padding-left: 40px;\">ISTRA\u017dIVANJE STAVOVA KORISNIKA O PRIMJENI UMJETNE INTELIGENCIJE ZA POTREBE STUDIJA I RADA U KNJI\u017dNICI <a href=\"https:\/\/skupstina.hkdrustvo.hr\/49-2024\/wp-content\/uploads\/sites\/2\/2024\/11\/3-dio-Meri-7-9-Tkalcic.pdf\"><span style=\"color: #99ccff;\">sa\u017eetak<\/span> <\/a><a href=\"https:\/\/skupstina.hkdrustvo.hr\/49-2024\/wp-content\/uploads\/sites\/2\/2024\/11\/Korisnici-i-AI-usluge-NSK_Tkalcic-Ljubicic-Tokic.pdf\"><span style=\"color: #99cc00;\">e-po<\/span><span style=\"color: #99cc00;\">s<\/span><span style=\"color: #99cc00;\">ter<\/span><\/a><br \/><span style=\"color: #808080;\">Ana-Marija Tkal\u010di\u0107, knji\u017eni\u010darka<\/span><br \/><span style=\"color: #808080;\">Ana Ljubi\u010di\u0107, knji\u017eni\u010darka<\/span><br \/><span style=\"color: #808080;\">mr.sc. Ivo Toki\u0107, MBA, vi\u0161i knji\u017eni\u010dar<\/span><\/p>\n<p style=\"padding-left: 40px;\">UPOTREBA UMJETNE INTELIGENCIJE U NARODNIM KNJI\u017dNICAMA: PRILIKE I IZAZOVI U DRU\u0160TVENOM KONTEKSTU <a href=\"https:\/\/skupstina.hkdrustvo.hr\/49-2024\/wp-content\/uploads\/sites\/2\/2024\/11\/3-dio-Meri-10-11-Sipcic.pdf\"><span style=\"color: #99ccff;\">sa\u017eetak<\/span> <\/a><a href=\"https:\/\/skupstina.hkdrustvo.hr\/49-2024\/wp-content\/uploads\/sites\/2\/2024\/11\/Upotreba-umjetne-inteligencije-u-narodnim-knjiznicama_Leventic-Sipcic-Marjana-isp.pdf\"><span style=\"color: #99cc00;\">e-poster<\/span><\/a><br \/><span style=\"color: #808080;\">Marjana Leventi\u0107 \u0160ip\u010di\u0107, knji\u017eni\u010darka<\/span><\/p>\n<p style=\"padding-left: 40px;\">\u0160KOLSKI RADIO! PODCAST KAO MEDIJ I NOVI OBRAZOVNI ALAT <a href=\"https:\/\/skupstina.hkdrustvo.hr\/49-2024\/wp-content\/uploads\/sites\/2\/2024\/11\/3-dio-Meri-12-13-Nad.pdf\"><span style=\"color: #99ccff;\">sa\u017eetak<\/span> <\/a><a href=\"https:\/\/skupstina.hkdrustvo.hr\/49-2024\/wp-content\/uploads\/sites\/2\/2024\/11\/Skolski-radio.-Podcast-kao-medij-i-novi-obrazovni-alat_Nad-Tanja.pdf\"><span style=\"color: #99cc00;\">e-poster<\/span><\/a><br \/><span style=\"color: #808080;\">Tanja Na\u0111, knji\u017eni\u010darka<\/span><\/p>\n<p style=\"padding-left: 40px;\">BIBLIOTERAPIJA U ERASMUS+ PROGRAMU <a href=\"https:\/\/skupstina.hkdrustvo.hr\/49-2024\/wp-content\/uploads\/sites\/2\/2024\/11\/3-dio-Meri-14-15-Pomper.pdf\"><span style=\"color: #99ccff;\">sa\u017eetak<\/span> <\/a><a href=\"https:\/\/skupstina.hkdrustvo.hr\/49-2024\/wp-content\/uploads\/sites\/2\/2024\/11\/Knjiznicarke-na-terapiji-biblioterapija-u-Erasmus-programu_Pomper-Suzana.-Huic-Pendes-Vjera.pdf\"><span style=\"color: #99cc00;\">e-poster<\/span><\/a><br \/><span style=\"color: #808080;\">Suzana Pomper, knji\u017eni\u010darka<\/span><br \/><span style=\"color: #808080;\">Vjera Hui\u0107-Pende\u0161, knji\u017eni\u010darka<\/span><\/p>\n<p style=\"padding-left: 40px;\">KGZ-OVA ERASMUS AKREDITACIJA \u2013 PUT INTERNACIONALIZACIJE I MULTIKULTURALNOSTI <a href=\"https:\/\/skupstina.hkdrustvo.hr\/49-2024\/wp-content\/uploads\/sites\/2\/2024\/11\/3-dio-Meri-16-18-Cvitkovic.pdf\"><span style=\"color: #99ccff;\">sa\u017eetak<\/span> <\/a><a href=\"https:\/\/skupstina.hkdrustvo.hr\/49-2024\/wp-content\/uploads\/sites\/2\/2024\/11\/Erasmus-plakat__Knjiznice-grada-Zagreba.pdf\"><span style=\"color: #99cc00;\">e-poster<\/span><\/a><br \/><span style=\"color: #808080;\">Aleksandra Cvitkovi\u0107, vi\u0161a knji\u017eni\u010darka<\/span><br \/><span style=\"color: #808080;\">Iva Lorkovi\u0107, knji\u017eni\u010darka<\/span><br \/><span style=\"color: #808080;\">Ismena Mei\u0107, knji\u017eni\u010darska savjetnica<\/span><br \/><span style=\"color: #808080;\">Maja Prani\u0107, knji\u017eni\u010darka<\/span><\/p>\n<p style=\"padding-left: 40px;\">INOVATIVNI PROJEKT PODU\u010cAVANJA STRANOG JEZIKA U GRADSKOJ KNJI\u017dNICI MARKA MARULI\u0106A SPLIT <a href=\"https:\/\/skupstina.hkdrustvo.hr\/49-2024\/wp-content\/uploads\/sites\/2\/2024\/11\/3-dio-Meri-19-20-Stazic.pdf\"><span style=\"color: #99ccff;\">sa\u017eetak<\/span> <\/a><a href=\"https:\/\/skupstina.hkdrustvo.hr\/49-2024\/wp-content\/uploads\/sites\/2\/2024\/11\/Inovativni-projekt-poducavanja-stranog-jezika-u-GKMM-Split_Silov-Marko_Stazic-Maja.pdf\"><span style=\"color: #99cc00;\">e-poster<\/span>\u00a0<\/a><br \/><span style=\"color: #808080;\">Maja Stazi\u0107, knji\u017eni\u010darka <\/span><br \/><span style=\"color: #808080;\">Marko Silov, knji\u017eni\u010dar<\/span><\/p>\n<p style=\"padding-left: 40px;\">STRATEGIJE INKLUZIVNOSTI, OBRAZOVANJA I PISMENOSTI U OKVIRU ERASMUS+ AKREDITACIJE GKMM-A OD 2024. \u2013 2027. <a href=\"https:\/\/skupstina.hkdrustvo.hr\/49-2024\/wp-content\/uploads\/sites\/2\/2024\/11\/3-dio-Meri-21-22-Nardelli.pdf\"><span style=\"color: #99ccff;\">sa\u017eetak<\/span> <\/a><a href=\"https:\/\/skupstina.hkdrustvo.hr\/49-2024\/wp-content\/uploads\/sites\/2\/2024\/11\/Strategije-inkluzivnosti-GKMM_VojvodicNardelli-1.pdf\"><span style=\"color: #99cc00;\">e-poster<\/span><\/a><br \/><span style=\"color: #808080;\">Maru\u0161ka Nardelli, knji\u017eni\u010darka<\/span><br \/><span style=\"color: #808080;\">Renata Vojvodi\u0107, knji\u017eni\u010darka<\/span><\/p>\n<p style=\"padding-left: 40px;\">EKO STEM PROGRAMI U KNJI\u017dNICI AUGUSTA CESARCA <a href=\"https:\/\/skupstina.hkdrustvo.hr\/49-2024\/wp-content\/uploads\/sites\/2\/2024\/11\/3-dio-Meri-23-24-Kliska.pdf\"><span style=\"color: #99ccff;\">sa\u017eetak<\/span> <\/a><a href=\"https:\/\/skupstina.hkdrustvo.hr\/49-2024\/wp-content\/uploads\/sites\/2\/2024\/11\/Eko-STEM-programi-u-Knjiznici-Augusta-Cesarca_Melkic-Alenka-i-Kliska-Tito.pdf\"><span style=\"color: #99cc00;\">e-poster<\/span><\/a><br \/><span style=\"color: #808080;\">Tito Kliska, knji\u017eni\u010dar<\/span><br \/><span style=\"color: #808080;\">Alenka Melki\u0107, knji\u017eni\u010darka<\/span><\/p>\n<p style=\"padding-left: 40px;\">ULOGA EUROPSKOG DOKUMENTACIJSKOG CENTRA NSK U PRU\u017dANJU RELEVANTNIH INFORMACIJA NA TEMU MIGRACIJA <a href=\"https:\/\/skupstina.hkdrustvo.hr\/49-2024\/wp-content\/uploads\/sites\/2\/2024\/11\/3-dio-Meri-25-26-Pucketic.pdf\"><span style=\"color: #99ccff;\">sa\u017eetak<\/span>\u00a0<\/a><a href=\"https:\/\/skupstina.hkdrustvo.hr\/49-2024\/wp-content\/uploads\/sites\/2\/2024\/11\/Uloga-Europskog-dokumentacijskog-centra-NSK-u-pruzanju-relevantnih-informacija-na-temu-migracija_Kezic-Pucketic-Ivana.pdf\"><span style=\"color: #99cc00;\">e-poster<\/span><\/a><br \/><span style=\"color: #808080;\">Ivana Ke\u017ei\u0107 Pucketi\u0107, knji\u017eni\u010darka<\/span><\/p>\n<p style=\"padding-left: 40px;\">KULTURNI \u010cETVEROKUT <a href=\"https:\/\/skupstina.hkdrustvo.hr\/49-2024\/wp-content\/uploads\/sites\/2\/2024\/11\/3-dio-Meri-27-28-Stivic.pdf\"><span style=\"color: #99ccff;\">sa\u017eetak<\/span> <\/a><a href=\"https:\/\/skupstina.hkdrustvo.hr\/49-2024\/wp-content\/uploads\/sites\/2\/2024\/11\/Kulturni-cetverokut_Vjeruska-Stivic.pdf\"><span style=\"color: #99cc00;\">e-poster<\/span><\/a><br \/><span style=\"color: #808080;\">Vjeru\u0161ka \u0160tivi\u0107, vi\u0161a knji\u017eni\u010darka<\/span><\/p>\n<h5>10:30-11:00 Pauza<\/h5>\n<h5>11:00-12:30 Pozvana izlaganja<\/h5>\n<p>moderira: Jasenka Ple\u0161ko, vi\u0161a knji\u017eni\u010darka<\/p>\n<p style=\"padding-left: 40px;\">THE NEXT GENERATION OF LIBRARIES: LOOKING AHEAD TO LIBRARY 2035 <span style=\"color: #99ccff;\"><a style=\"color: #99ccff;\" href=\"https:\/\/skupstina.hkdrustvo.hr\/49-2024\/wp-content\/uploads\/sites\/2\/2024\/09\/Hirsch.pdf\">sa\u017eetak<\/a>\u00a0<\/span><br \/><span style=\"color: #808080;\">dr. sc. Sandra Hirsh (11:00-11:30)<\/span><\/p>\n<p style=\"padding-left: 40px;\">RAZNOLIKOST NA DJELU: EUROPSKI OKVIRI, IFLA I ISKUSTVA \u0160VEDSKIH KNJI\u017dNICA <span style=\"color: #99ccff;\"><a style=\"color: #99ccff;\" href=\"https:\/\/skupstina.hkdrustvo.hr\/49-2024\/wp-content\/uploads\/sites\/2\/2024\/09\/Rundqvist.pdf\">sa\u017eetak<\/a><\/span><br \/><span style=\"color: #808080;\">Elisabet Rundqvist (11:30-12:00)<\/span><\/p>\n<p style=\"padding-left: 40px;\">AUSTRIJSKE KNJI\u017dNICE KAO TRANSKULTURNA MRE\u017dA INOZEMNE KULTURE <span style=\"color: #99ccff;\"><a style=\"color: #99ccff;\" href=\"https:\/\/skupstina.hkdrustvo.hr\/49-2024\/wp-content\/uploads\/sites\/2\/2024\/10\/Marinkovic.pdf\">sa\u017eetak<\/a><\/span><br \/><span style=\"color: #808080;\">Elisabeth Marinkovic (12:00-12:30)<\/span><\/p>\n<h5><span style=\"color: #000000;\">12:30-12:45 Pauza<\/span><span style=\"color: #000000;\"> s poslu\u017eenjem<\/span><\/h5>\n<h5><span style=\"color: #000000;\">12:45-13:50 Pozvana izlag<\/span>anja<\/h5>\n<p>moderira: Bla\u017eenka Klemar Bubi\u0107, vi\u0161a knji\u017eni\u010darka<\/p>\n<p style=\"padding-left: 40px;\">VA\u017dNOST PRISTUPA ODOZDO U JA\u010cANJU URBANE ODR\u017dIVOSTI I OTPORNOSTI: PRIMJER HRVATSKIH GRADOVA <a href=\"https:\/\/skupstina.hkdrustvo.hr\/49-2024\/wp-content\/uploads\/sites\/2\/2024\/11\/3-dio-Meri-34-35-Keser.pdf\"><span style=\"color: #99ccff;\">sa\u017eetak<\/span><\/a><br \/><span style=\"color: #808080;\">dr. sc. Ivana Keser (12:45-13:15)<\/span><\/p>\n<p style=\"padding-left: 40px;\">PRIMAT LOGISTIKA <span style=\"color: #808080;\">(13:15-13:20)<\/span><\/p>\n<p style=\"padding-left: 40px;\">RAZVOJ ZELENIH KNJI\u017dNICA U HRVATSKOJ <a href=\"https:\/\/skupstina.hkdrustvo.hr\/49-2024\/wp-content\/uploads\/sites\/2\/2024\/11\/3-dio-Meri-36-37-Kraljevic.pdf\"><span style=\"color: #99ccff;\">sa\u017eetak<\/span><\/a><br \/><span style=\"color: #808080;\">Ivan Kraljevi\u0107, knji\u017eni\u010darski savjetnik (13:20-13:50)<\/span><\/p>\n<h5><span style=\"color: #000000;\">13:50-15:00 Pauza<\/span><\/h5>\n<h5>15:00-16:40 Pozvana izlaganja<\/h5>\n<p>moderira: nasl. doc. dr. sc. Dejana Golenko, knji\u017eni\u010darska savjetnica<\/p>\n<p style=\"padding-left: 40px;\"><del>ETHICAL IMPLICATIONS OF USING AI IN THE LIBRARY<a href=\"https:\/\/skupstina.hkdrustvo.hr\/49-2024\/wp-content\/uploads\/sites\/2\/2024\/09\/Mojca-Rupar.pdf\"> sa\u017eetak<\/a><\/del><br \/><del><span style=\"color: #808080;\">dr. sc. Mojca Rupar Koro\u0161ec (15:00-15:30)<\/span><\/del><span style=\"color: #808080;\"> otkazano zbog bolesti predava\u010da<\/span><\/p>\n<p style=\"padding-left: 40px;\">REGULACIJA UMJETNE INTELIGENCIJE U PRAVNOM OKVIRU EUROPSKE UNIJE <span style=\"color: #99ccff;\"><a style=\"color: #99ccff;\" href=\"https:\/\/skupstina.hkdrustvo.hr\/49-2024\/wp-content\/uploads\/sites\/2\/2024\/09\/katulic.pdf\">sa\u017eetak<\/a><\/span><br \/><span style=\"color: #808080;\">izv. prof. dr. sc. Tihomir Katuli\u0107, dipl. iur (15:30-16:00)<\/span><\/p>\n<p style=\"padding-left: 40px;\">KNJI\u017dNICA &#8211; OD TRADICIONALNE DO UMJETNE INTELIGENCIJE <span style=\"color: #99ccff;\"><a style=\"color: #99ccff;\" href=\"https:\/\/skupstina.hkdrustvo.hr\/49-2024\/wp-content\/uploads\/sites\/2\/2024\/11\/49.-SKUPSTINA-HKD_programska-knjizica-130-217-86.pdf\">sa\u017eetak<\/a><\/span><br \/><span style=\"color: #808080;\">Simona Vaverova, EBSCO\u00a0(16:00-16:10)<\/span><\/p>\n<p style=\"padding-left: 40px;\">REVOLUCIJA UMJETNE INTELIGENCIJE S OSVRTOM NA PRIMJENU U KNJI\u017dNICAMA <span style=\"color: #99ccff;\"><a style=\"color: #99ccff;\" href=\"https:\/\/skupstina.hkdrustvo.hr\/49-2024\/wp-content\/uploads\/sites\/2\/2024\/09\/Stipancic.pdf\">sa\u017eetak<\/a><\/span><br \/><span style=\"color: #808080;\">izv. prof. dr. sc. Tomislav Stipan\u010di\u0107 (16:10-16:40)\u00a0<\/span><\/p>\n<h5>17:00- 18:00 Sve\u010dana dodjela ngrada Eva Verona i Kukuljevi\u0107eva povelja<\/h5>\n<h3><span style=\"color: #800080;\">Camelia II<\/span><\/h3>\n<h5>9:00-10:30 Trendovi u fokusu: \u0160to oblikuje budu\u0107nost knji\u017enica<\/h5>\n<p>moderira: nasl. doc. dr. sc. Dejana Golenko, knji\u017eni\u010darska savjetnica<\/p>\n<p style=\"padding-left: 40px;\">PLATFORME KNJI\u017dNI\u010cNIH USLUGA U OBLAKU KAO SEGMENT DIGITALNE TRANSFORMACIJE KNJI\u017dNICA U SUSTAVU ZNANOSTI I VISOKOG OBRAZOVANJA <a href=\"https:\/\/skupstina.hkdrustvo.hr\/49-2024\/wp-content\/uploads\/sites\/2\/2024\/11\/3-dio-Meri-44-45-Machala.pdf\"><span style=\"color: #99ccff;\">sa\u017eetak<\/span><\/a><br \/><span style=\"color: #808080;\">dr. sc. Dijana Machala, knji\u017eni\u010darska savjetnica<\/span><\/p>\n<p style=\"padding-left: 40px;\">JEDNAKOST I RAZLI\u010cITOST : NORMATIVNE BAZE PODATAKA IMENA <a href=\"https:\/\/skupstina.hkdrustvo.hr\/49-2024\/wp-content\/uploads\/sites\/2\/2024\/11\/3-dio-Meri-46-47-Cerovski.pdf\"><span style=\"color: #99ccff;\">sa\u017eetak<\/span><\/a><br \/><span style=\"color: #808080;\">Ana Kne\u017eevi\u0107 Cerovski, vi\u0161a knji\u017eni\u010darka<\/span><br \/><span style=\"color: #808080;\">Petra Pancirov, knji\u017eni\u010darka<\/span><\/p>\n<p style=\"padding-left: 40px;\">JA\u010cANJE KAPACITETA HRVATSKIH KNJI\u017dNICA ZA AUTOMATIZACIJU PRIMJENE UNIVERZALNE DECIMALNE KLASIFIKACIJE <a href=\"https:\/\/skupstina.hkdrustvo.hr\/49-2024\/wp-content\/uploads\/sites\/2\/2024\/11\/3-dio-Meri-48-49-Vukadin.pdf\"><span style=\"color: #99ccff;\">sa\u017eetak<\/span><\/a><br \/><span style=\"color: #808080;\">dr. sc. Ana Vukadin, knji\u017eni\u010darska savjetnica<\/span><br \/><span style=\"color: #808080;\">dr. sc. Aleksandra Piki\u0107 Jugovi\u0107, knji\u017eni\u010darska savjetnica<\/span><\/p>\n<p style=\"padding-left: 40px;\">PROJEKT eMATI\u010cNA: POVEZIVANJE I NAPRJE\u0110ENJE KNJI\u017dNI\u010cNOG SUSTAVA <a href=\"https:\/\/skupstina.hkdrustvo.hr\/49-2024\/wp-content\/uploads\/sites\/2\/2024\/11\/3-dio-Meri-50-51-Romic.pdf\"><span style=\"color: #99ccff;\">sa\u017eetak<\/span><\/a><br \/><span style=\"color: #808080;\">dr.sc. Kristina Romi\u0107, vi\u0161a knji\u017eni\u010darka<\/span><br \/><span style=\"color: #808080;\">Dunja Marija Gabriel, knji\u017eni\u010darska savjetnica<\/span><\/p>\n<p style=\"padding-left: 40px;\">SMART LIBRARY NSK \u2013 EDUKATIVNA I ZELENA ULOGA INTERNETA STVARI U PRAKSI <a href=\"https:\/\/skupstina.hkdrustvo.hr\/49-2024\/wp-content\/uploads\/sites\/2\/2024\/11\/3-dio-Meri-52-53-Matijevic.pdf\"><span style=\"color: #99ccff;\">sa\u017eetak<\/span><\/a><br \/><span style=\"color: #808080;\">Ivana Matijevi\u0107, vi\u0161a knji\u017eni\u010darka<\/span><br \/><span style=\"color: #808080;\">Dragana Koljenik, vi\u0161a knji\u017eni\u010darka<\/span><\/p>\n<h5><span style=\"color: #000000;\">10:30-11:00 Pauza<\/span><\/h5>\n<h5>11:00-12:30 Umjetna inteligencija &#8211; teorija, primjena u velikim sustavima<\/h5>\n<p>moderira: Annemari \u0160timac, vi\u0161a knji\u017eni\u010darka<\/p>\n<p style=\"padding-left: 40px;\">AI ALATI I SVEU\u010cILI\u0160NE KNJI\u017dNICE: STAVOVI KNJI\u017dNI\u010cARA I POTENCIJALNA PODRU\u010cJA PRIMJENE <a href=\"https:\/\/skupstina.hkdrustvo.hr\/49-2024\/wp-content\/uploads\/sites\/2\/2024\/11\/3-dio-Meri-54-55-Gardijan.pdf\"><span style=\"color: #99ccff;\">sa\u017eetak<\/span><\/a><br \/><span style=\"color: #808080;\">Nikica Gardijan, vi\u0161i knji\u017eni\u010dar<\/span><\/p>\n<p style=\"padding-left: 40px;\">AUTOMATIZACIJA KNJI\u017dNI\u010cNIH PROCESA: AI TEHNOLOGIJE U ORGANIZACIJI GRA\u0110E I INFORMACIJA <a href=\"https:\/\/skupstina.hkdrustvo.hr\/49-2024\/wp-content\/uploads\/sites\/2\/2024\/11\/3-dio-Meri-56-57-Koljenik.pdf\"><span style=\"color: #99ccff;\">sa\u017eetak<\/span><\/a><br \/><span style=\"color: #808080;\">Dragana Koljenik, vi\u0161a knji\u017eni\u010darka<\/span><br \/><span style=\"color: #808080;\">Igor Baj<\/span><br \/><span style=\"color: #808080;\">dr. sc. Marko Ore\u0161kovi\u0107<\/span><\/p>\n<p style=\"padding-left: 40px;\">UMJETNA INTELIGENCIJA (AI) KAO AGENT? <a href=\"https:\/\/skupstina.hkdrustvo.hr\/49-2024\/wp-content\/uploads\/sites\/2\/2024\/11\/3-dio-Meri-58-59-Cerovski.pdf\"><span style=\"color: #99ccff;\">sa\u017eetak<\/span><\/a><br \/><span style=\"color: #808080;\">Ana Kne\u017eevi\u0107 Cerovski, vi\u0161a knji\u017eni\u010darka<\/span><br \/><span style=\"color: #808080;\">Petra Pancirov, knji\u017eni\u010darka<\/span><\/p>\n<p style=\"padding-left: 40px;\">(DE)KONSTRUKCIJA INFORMACIJSKOG PRETRA\u017dIVANJA: PRIMJENA ALATA GENERATIVNE UMJETNE INTELIGENCIJE PRI OSMI\u0160LJAVANJU STRATEGIJE PRETRA\u017dIVANJA BIBLIOGRAFSKIH BAZA PODATAKA <a href=\"https:\/\/skupstina.hkdrustvo.hr\/49-2024\/wp-content\/uploads\/sites\/2\/2024\/11\/3-dio-Meri-60-61-Majer.pdf\"><span style=\"color: #99ccff;\">sa\u017eetak<\/span><\/a><br \/><span style=\"color: #808080;\">Ivana Majer, vi\u0161i knji\u017eni\u010dar<\/span><br \/><span style=\"color: #808080;\">doc. dr. sc. Lea \u0160kori\u0107, knji\u017eni\u010darski savjetnik<\/span><\/p>\n<p style=\"padding-left: 40px;\">RAZVOJ USLUGA CHATBOTA U VISOKO\u0160KOLSKIM MEDICINSKIM KNJI\u017dNICAMA: PRIMJER INTEGRACIJE NOVIH TEHNOLOGIJA <a href=\"https:\/\/skupstina.hkdrustvo.hr\/49-2024\/wp-content\/uploads\/sites\/2\/2024\/11\/3-dio-Meri-62-63-Machala.pdf\"><span style=\"color: #99ccff;\">sa\u017eetak<\/span><\/a><br \/><span style=\"color: #808080;\">dr. sc. Lovela Machala Popla\u0161en, vi\u0161i knji\u017eni\u010dar<\/span><br \/><span style=\"color: #808080;\">doc. dr. sc. Andrija \u0160tajduhar<\/span><\/p>\n<h5><span style=\"color: #000000;\">12:30-12:45 Pauza s poslu\u017eenjem<\/span><\/h5>\n<h5><span style=\"color: #000000;\">12:45-14:15 Povijest u novom ruhu<\/span><\/h5>\n<p>moderira: Annemari \u0160timac, vi\u0161a knji\u017eni\u010darka<\/p>\n<p style=\"padding-left: 40px;\">IVAN VANJA RADAU\u0160 U TEHNOLOGIJI PRO\u0160IRENE STVARNOSTI <a href=\"https:\/\/skupstina.hkdrustvo.hr\/49-2024\/wp-content\/uploads\/sites\/2\/2024\/11\/3-dio-Meri-64-65-Grkovic.pdf\"><span style=\"color: #99ccff;\">sa\u017eetak<\/span><\/a><br \/><span style=\"color: #808080;\">Iva Grkovi\u0107, vi\u0161i knji\u017eni\u010dar<\/span><br \/><span style=\"color: #808080;\">Klaudija Mandi\u0107, knji\u017eni\u010dar<\/span><br \/><span style=\"color: #808080;\">Vladimir Vranje\u0161evi\u0107, knji\u017eni\u010darski suradnik<\/span><\/p>\n<p style=\"padding-left: 40px;\">ZNA\u010cAJNE KNJI\u017dNI\u010cARKE U HRVATSKOJ U DRUGOJ POLOVICI 20. STOLJE\u0106A: DOPRINOS RAZVOJU PROFESIJE <a href=\"https:\/\/skupstina.hkdrustvo.hr\/49-2024\/wp-content\/uploads\/sites\/2\/2024\/11\/3-dio-Meri-66-67-Covic.pdf\"><span style=\"color: #99ccff;\">sa\u017eetak<\/span><\/a><br \/><span style=\"color: #808080;\">dr. sc. Berislav \u010covi\u0107, knji\u017eni\u010dar<\/span><br \/><span style=\"color: #808080;\">dr. sc. Ksenija \u0160venda-Radeljak, knji\u017eni\u010darska savjetnica<\/span><\/p>\n<p style=\"padding-left: 40px;\">ZAVI\u010cAJNA KU\u0106A GKMM-a \u2013 RASUTI MUZEJ GKMM-a <a href=\"https:\/\/skupstina.hkdrustvo.hr\/49-2024\/wp-content\/uploads\/sites\/2\/2024\/11\/3-dio-Meri-68-69-Ribicic.pdf\"><span style=\"color: #99ccff;\">sa\u017eetak<\/span><\/a><br \/><span style=\"color: #808080;\">Grozdana Ribi\u010di\u0107, knji\u017eni\u010darska savjetnica<\/span><br \/><span style=\"color: #808080;\">\u017deljka Alajbeg, knji\u017eni\u010darska tehni\u010darka<\/span><\/p>\n<p style=\"padding-left: 40px;\">GRADSKA KNJI\u017dNICA I \u010cITAONICA VINKOVCI: PROSTOR I ARHITEKTURA <a href=\"https:\/\/skupstina.hkdrustvo.hr\/49-2024\/wp-content\/uploads\/sites\/2\/2024\/11\/3-dio-Meri-70-71-Lugic.pdf\"><span style=\"color: #99ccff;\">sa\u017eetak<\/span><\/a><br \/><span style=\"color: #808080;\">Vedrana Lugi\u0107, knji\u017eni\u010darka<\/span><br \/><span style=\"color: #808080;\">Tihomir Marojevi\u0107, knji\u017eni\u010darski savjetnik<\/span><\/p>\n<p style=\"padding-left: 40px;\">OD ANOMIJE DO AUTONOMIJE \u2013 BITKA ZA SVAKOG \u010cITATELJA <a href=\"https:\/\/skupstina.hkdrustvo.hr\/49-2024\/wp-content\/uploads\/sites\/2\/2024\/11\/3-dio-Meri-72-73-Freskura.pdf\"><span style=\"color: #99ccff;\">sa\u017eetak<\/span><\/a><br \/><span style=\"color: #808080;\">Ivana Fre\u0161kura, knji\u017eni\u010darka<\/span><br \/><span style=\"color: #808080;\">Arijana Herceg Mi\u0107anovi\u0107, knji\u017eni\u010darka<\/span><br \/><span style=\"color: #808080;\">Maja Prani\u0107, knji\u017eni\u010darka<\/span><\/p>\n<h5><span style=\"color: #000000;\">14:15-15:00 Pauza<\/span><\/h5>\n<h5>15:00-16:15 Knji\u017enice u multikulturalnom kontekstu: inkluzivnost, raznolikost i odr\u017eivost &#8211; istra\u017eivanja<\/h5>\n<p>moderira: Dunja Marija Gabriel, knji\u017eni\u010darska savjetnica<\/p>\n<p style=\"padding-left: 40px;\">&#8216;TAJNI KUPAC&#8217; U HRVATSKIM NARODNIM KNJI\u017dNICAMA <a href=\"https:\/\/skupstina.hkdrustvo.hr\/49-2024\/wp-content\/uploads\/sites\/2\/2024\/11\/3-dio-Meri-74-76-Petrovic.pdf\"><span style=\"color: #99ccff;\">sa\u017eetak<\/span><\/a><br \/><span style=\"color: #808080;\">Borna Petrovi\u0107, student 2. godine diplomskog studija Informatologije i Engleskog jezika i knji\u017eevnosti na Filozofskom fakultetu u Osijeku<\/span><br \/><span style=\"color: #808080;\">Irena Poje, studentica 2. godine diplomskog studija Informatologije i Hrvatskog jezika i knji\u017eevnosti na Filozofskom fakultetu u Osijeku<\/span><br \/><span style=\"color: #808080;\">Bruno Sadikovi\u0107, student 2. godine diplomskog studija Informatologije i Engleskog jezika i knji\u017eevnosti na Filozofskom fakultetu u Osijeku<\/span><br \/><span style=\"color: #808080;\">prof. dr. sc. Kornelija Petr Balog<\/span><\/p>\n<p style=\"padding-left: 40px;\">KORAK PO KORAK DO INTEGRACIJE &#8211; PROGRAM KARLOVA\u010cKE GRADSKE KNJI\u017dNICE U RADU S AZILANTIMA, MIGRANTIMA I STRANIM DR\u017dAVLJANIMA <a href=\"https:\/\/skupstina.hkdrustvo.hr\/49-2024\/wp-content\/uploads\/sites\/2\/2024\/11\/3-dio-Meri-77-78-Katic.pdf\"><span style=\"color: #99ccff;\">sa\u017eetak<\/span>\u00a0<\/a><br \/><span style=\"color: #808080;\">Miroslav Kati\u0107, vi\u0161i knji\u017eni\u010dar<\/span><br \/><span style=\"color: #808080;\">Vedrana Kova\u010d Vrana, vi\u0161a knji\u017eni\u010darka<\/span><\/p>\n<p style=\"padding-left: 40px;\">TRADICIJA, INOVATIVNOST I MULTIKULTURALNI KONTEKST U NOVOOSNOVANOM ODJELU ZA MLADE GRADSKE KNJI\u017dNICE ZADAR <a href=\"https:\/\/skupstina.hkdrustvo.hr\/49-2024\/wp-content\/uploads\/sites\/2\/2024\/11\/3-dio-Meri-79-80-Belevski.pdf\"><span style=\"color: #99ccff;\">sa\u017eetak<\/span><\/a><br \/><span style=\"color: #808080;\">Milko Belevski, knji\u017eni\u010darski savjetnik<\/span><\/p>\n<p style=\"padding-left: 40px;\">VOLIMO SE JAVNO: ISTRA\u017dIVANJE ZADOVOLJSTVA KORISNIKA PROGRAMA PROJEKTA 65 PLUS KNJI\u017dNICA GRADA ZAGREBA <a href=\"https:\/\/skupstina.hkdrustvo.hr\/49-2024\/wp-content\/uploads\/sites\/2\/2024\/11\/3-dio-Meri-81-82-Ercegovac.pdf\"><span style=\"color: #99ccff;\">sa\u017eetak<\/span><\/a><br \/><span style=\"color: #808080;\">Snje\u017eana Ercegovac, vi\u0161a knji\u017eni\u010darka<\/span><br \/><span style=\"color: #808080;\">Vlasta \u0160olc, vi\u0161a knji\u017eni\u010darka<\/span><br \/><span style=\"color: #808080;\">Ira Tuzlan\u010di\u0107, knji\u017eni\u010darka<\/span><\/p>\n<p style=\"padding-left: 40px;\">KONTEMPLATIVNE PRAKSE I INKLUZIVNE USLUGE U KNJI\u017dNICAMA <a href=\"https:\/\/skupstina.hkdrustvo.hr\/49-2024\/wp-content\/uploads\/sites\/2\/2024\/11\/3-dio-Meri-83-84-Bosnjak.pdf\"><span style=\"color: #99ccff;\">sa\u017eetak<\/span><\/a><br \/><span style=\"color: #808080;\">Bernarda Bo\u0161njak, mag. informatol. et mag inf. et comm.<\/span><br \/><span style=\"color: #808080;\">izv. prof. dr. sc. Darko Lacovi\u0107<\/span><\/p>\n<h4><del><span style=\"color: #800080;\">Volta<\/span><\/del><span style=\"color: #800080;\"> Camelia I<\/span><\/h4>\n<h5><span style=\"color: #000000;\">9:00-10:00 Konstituiraju\u0107a sjednica GO<\/span><\/h5>\n<h5>10:00-10:30 Eti\u010dki kodeks Hrvatskog knji\u017eni\u010darskog dru\u0161tva<\/h5>\n<h5>10:30-11:00 Pauza<\/h5>\n<h5><span style=\"color: #000000;\">11:00-12:30 Zelena tranzicija \u2013 uloga i doprinos knji\u017enica i knji\u017eni\u010dnih usluga odr\u017eivom razvoju dru\u0161tva<\/span><\/h5>\n<p>moderira: Karolina Zlatar Radigovi\u0107<\/p>\n<p style=\"padding-left: 40px;\">KNJI\u017dNICE I ZELENI CERTIFIKATI GRADNJE <a href=\"https:\/\/skupstina.hkdrustvo.hr\/49-2024\/wp-content\/uploads\/sites\/2\/2024\/11\/3-dio-Meri-85-87-Briski.pdf\"><span style=\"color: #99ccff;\">sa\u017eetak<\/span><\/a><br \/><span style=\"color: #808080;\">Marijana Bri\u0161ki Gudelj, vi\u0161a knji\u017eni\u010darka<\/span><br \/><span style=\"color: #808080;\">Bla\u017eenka Klemar Bubi\u0107, vi\u0161a knji\u017eni\u010darka<\/span><\/p>\n<p style=\"padding-left: 40px;\">POSVE\u0106ENOST VISOKO\u0160KOLSKIH KNJI\u017dNICA U HRVATSKOJ ZELENOM KNJI\u017dNI\u010cARSTVU <a href=\"https:\/\/skupstina.hkdrustvo.hr\/49-2024\/wp-content\/uploads\/sites\/2\/2024\/11\/3-dio-Meri-88-90-Mumelas.pdf\"><span style=\"color: #99ccff;\">sa\u017eetak<\/span>\u00a0<\/a><br \/><span style=\"color: #808080;\">Dolores Mumela\u0161, vi\u0161a knji\u017eni\u010darka<\/span><br \/><span style=\"color: #808080;\">Ana Ze\u010devi\u0107, knji\u017eni\u010darka<\/span><br \/><span style=\"color: #808080;\">Bla\u017eenka Klemar Bubi\u0107, vi\u0161a knji\u017eni\u010darka<\/span><\/p>\n<p style=\"padding-left: 40px;\">RAZVOJ KNJI\u017dNI\u010cARSKIH KOMPETENCIJA ZA NOVE IZAZOVE: AKTIVNOSTI GRA\u0110ANSKE ZNANOSTI U KNJI\u017dNICAMA <a href=\"https:\/\/skupstina.hkdrustvo.hr\/49-2024\/wp-content\/uploads\/sites\/2\/2024\/11\/3-dio-Meri-91-92-Filipeti.pdf\"><span style=\"color: #99ccff;\">sa\u017eetak<\/span><\/a><br \/><span style=\"color: #808080;\">Antonija Filipeti, vi\u0161a knji\u017eni\u010darka<\/span><br \/><span style=\"color: #808080;\">Dolores Mumela\u0161, vi\u0161a knji\u017eni\u010darka<\/span><\/p>\n<p style=\"padding-left: 40px;\">PARTICIPATIVNA EVALUACIJA SUDIONIKA PROJEKTA GRA\u0110ANSKE ZNANOSTI HAWaton <a href=\"https:\/\/skupstina.hkdrustvo.hr\/49-2024\/wp-content\/uploads\/sites\/2\/2024\/11\/3-dio-Meri-93-94-Rudomino.pdf\"><span style=\"color: #99ccff;\">sa\u017eetak<\/span><\/a><br \/><span style=\"color: #808080;\">Ingeborg Rudomino, knji\u017eni\u010darska savjetnica<\/span><br \/><span style=\"color: #808080;\">Dolores Mumela\u0161, vi\u0161a knji\u017eni\u010darka<\/span><br \/><span style=\"color: #808080;\">Anamarija Ljubek, knji\u017eni\u010darka<\/span><\/p>\n<p style=\"padding-left: 40px;\">BA\u0160TINSKA GLAZBENA GRA\u0110A KAO TEMELJ ZNANSTVENIH ISTRA\u017dIVANJA U KONTEKSTU GRA\u0110ANSKE ZNANOSTI U KNJI\u017dNICAMA <a href=\"https:\/\/skupstina.hkdrustvo.hr\/49-2024\/wp-content\/uploads\/sites\/2\/2024\/11\/3-dio-Meri-95-96-Mihalic.pdf\"><span style=\"color: #99ccff;\">sa\u017eetak<\/span><\/a><br \/><span style=\"color: #808080;\">dr. sc. Tatjana Mihali\u0107, knji\u017eni\u010darska savjetnica\u00a0<\/span><br \/><span style=\"color: #808080;\">Dolores Mumela\u0161, vi\u0161a knji\u017eni\u010darka<\/span><\/p>\n<h5>12:30-12:45 Pauza s poslu\u017eenjem<\/h5>\n<h5>12:45-14:15 Radionica<\/h5>\n<p style=\"padding-left: 40px;\">SNAGA ZAGOVARANJA \/ KAKO KREIRATI KAMPANJU OD IDEJE DO UTJECAJA <a href=\"https:\/\/skupstina.hkdrustvo.hr\/49-2024\/wp-content\/uploads\/sites\/2\/2024\/11\/3-dio-Meri-97-Sutalo.pdf\"><span style=\"color: #99ccff;\">opis<\/span>\u00a0<\/a><br \/><span style=\"color: #808080;\">Aleksandra \u0160utalo, vi\u0161a knji\u017eni\u010darka<\/span><\/p>\n<p style=\"padding-left: 40px;\"><span style=\"color: #808080;\"><del>Potrebna je prijava (putem dostavljenog obrasca).<\/del> Radionica je popunjena.<\/span><br \/><strong><span style=\"color: #808080;\">Broj sudionika je ograni\u010den na 30.<\/span><\/strong><\/p>\n<h5>14:15-15:00 Pauza<\/h5>\n<h5>15:00-16:00 Radionica<\/h5>\n<p style=\"padding-left: 40px;\">KAKO POVEZATI AKTIVNOSTI GRA\u0110ANSKE ZNANOSTI I ODR\u017dIVI RAZVOJ? <a href=\"https:\/\/skupstina.hkdrustvo.hr\/49-2024\/wp-content\/uploads\/sites\/2\/2024\/11\/3-dio-Meri-98-99-Mumelas.pdf\"><span style=\"color: #99ccff;\">opis<\/span><\/a><br \/><span style=\"color: #808080;\">Dolores Mumela\u0161, vi\u0161a knji\u017eni\u010darka<\/span><br \/><span style=\"color: #808080;\">Lovorka \u010caja, knji\u017eni\u010darka<\/span><\/p>\n<h3>\u00a0<\/h3>\n<h4 style=\"text-align: left;\"><span style=\"color: #800080;\">Centar Gervais<\/span><\/h4>\n<h5 style=\"text-align: left;\">20:00 \u2013 22:00 Sve\u010dana ve\u010dera<\/h5>\n<p style=\"padding-left: 40px;\">\n\n\n<figure class=\"wp-block-table aligncenter is-style-regular\"><table class=\"has-fixed-layout\"><tbody><tr><td><strong>Registracijski pult<\/strong><\/td><td><strong>Kongresna dvorana<\/strong><\/td><td><strong>Camelia II<\/strong><\/td><td> <strong><s>Volta<\/s><\/strong> <strong>Camelia I<\/strong><\/td><\/tr><tr><td>9:00-14:00<br>Registracija sudionika<br><\/td><td>9:00-10:05<br>Posteri<\/td><td>9:00-10:30<br>Trendovi u fokusu: \u0160to oblikuje budu\u0107nost knji\u017enica<\/td><td>9:00-10:00<br>Konstituiraju\u0107a sjednica GO<\/td><\/tr><tr><td><\/td><td><\/td><td><\/td><td>10:00-10:30<br>Eti\u010dki kodeks Hrvatskog knji\u017eni\u010darskog dru\u0161tva<\/td><\/tr><tr><td><br><\/td><td>10:30-11:00<br>Pauza<\/td><td>10:30-11:00<br>Pauza<\/td><td>10:30-11:00<br>Pauza<\/td><\/tr><tr><td><\/td><td>11:00-12:30 Pozvana izlaganja<\/td><td>11:00-12:30<br>Umjetna inteligencija &#8211; teorija, primjena u velikim sustavima<\/td><td>11:00-12:30<br>Zelena tranzicija \u2013 uloga i doprinos knji\u017enica i knji\u017eni\u010dnih usluga odr\u017eivom razvoju dru\u0161tva<\/td><\/tr><tr><td><\/td><td>12.30- 12:45<br>Pauza s poslu\u017eenjem<\/td><td>12.30- 12:45<br>Pauza s poslu\u017eenjem<\/td><td>12.30- 12:45<br>Pauza s poslu\u017eenjem<\/td><\/tr><tr><td><\/td><td>12:45-13:50<br>Pozvana izlaganja<\/td><td>12:45-14:15<br>Povijest u novom ruhu<\/td><td>12:45-14:15<br>RADIONICA:<br>Snaga zagovaranja<br><\/td><\/tr><tr><td><\/td><td>13:50-15:00<br>Pauza<\/td><td>14:15-15:00<br>Pauza<\/td><td>14:15-15:00<br>Pauza<\/td><\/tr><tr><td><\/td><td>15:00-16:40<br>Pozvana izlaganja<\/td><td>15:00-16:15<br>Knji\u017enice u multikulturalnom kontekstu: inkluzivnost, raznolikost i odr\u017eivost &#8211; istra\u017eivanja<\/td><td>15:00-16:00<br>RADIONICA:<br>Kako povezati aktivnosti gra\u0111anske znanosti i odr\u017eivi razvoj?<br><\/td><\/tr><tr><td><\/td><td>17:00- 18:00<br>Sve\u010dana dodjela nagrada Eva Verona i  Kukuljevi\u0107eva povelja<\/td><td><\/td><td><\/td><\/tr><\/tbody><\/table><figcaption class=\"wp-element-caption\"><strong>20:00 \u2013 22:00<\/strong><br><strong>sve\u010dana ve\u010dera Centar Gervais<\/strong><\/figcaption><\/figure>\n\n\n<h5>\u00a0<\/h5>\n<h5 style=\"text-align: left;\">\u00a0<\/h5>\n\n\n<hr class=\"wp-block-separator has-alpha-channel-opacity is-style-wide\"\/>\n\n\n<h3><span style=\"color: #800080;\">PETAK, 15. studenoga 2024.<\/span><\/h3>\n<h5>8:30 \u2013 9:30 <em>Opatija kakvu (ne)znamo<\/em> &#8211; <span style=\"color: #000000;\">\u0161etnja Opatijom uz stru\u010dno vodstvo\u00a0<\/span><\/h5>\n<h4><span style=\"color: #800080;\">Registracijski pult<\/span><\/h4>\n<h5>9:00-10:00 Registracija sudionika<\/h5>\n<h4><span style=\"color: #800080;\">Kongresna dvorana<\/span><\/h4>\n<h5>10:00-11:40 Pozvana izlaganja<\/h5>\n<p>moderira: dr. sc. Kristina Romi\u0107, vi\u0161a knji\u017eni\u010darka<\/p>\n<p style=\"padding-left: 40px;\">ZA\u0160TO SU ZELENE KNJI\u017dNICE IZUZETNO VA\u017dNE ZA ZELENU TRANZICIJU? <span style=\"color: #99ccff;\"><a style=\"color: #99ccff;\" href=\"https:\/\/skupstina.hkdrustvo.hr\/49-2024\/wp-content\/uploads\/sites\/2\/2024\/09\/Pirsic.pdf\">sa\u017eetak<\/a><\/span><br \/><span style=\"color: #808080;\">Vjeran Pir\u0161i\u0107 (10:00-10:30)<\/span><\/p>\n<p style=\"padding-left: 40px;\">KNJI\u017dNICE I KNJI\u017dNI\u010cNE USLUGE ZA HRVATE U ISELJENI\u0160TVU: KNJI\u017dNICE I KNJI\u017dNI\u010cNE ZBIRKE U AUSTRALIJI I NOVOME ZELANDU <span style=\"color: #99ccff;\"><a style=\"color: #99ccff;\" href=\"https:\/\/skupstina.hkdrustvo.hr\/49-2024\/wp-content\/uploads\/sites\/2\/2024\/09\/barbaric-Hebrang.pdf\">sa\u017eetak<\/a><\/span><br \/><span style=\"color: #808080;\">izv. prof. dr. sc. Ivana Hebrang Grgi\u0107<\/span><br \/><span style=\"color: #808080;\">red. prof. dr.sc. Ana Barbari\u0107 (10:30-11:00)<\/span><\/p>\n<p style=\"padding-left: 40px;\">LEXPERA D.O.O.- PRAVNI PORTAL IUS-INFO LEXPERA D.O.O.- LEGAL DATABASE IUS-INFO <span style=\"color: #99ccff;\"><a style=\"color: #99ccff;\" href=\"https:\/\/skupstina.hkdrustvo.hr\/49-2024\/wp-content\/uploads\/sites\/2\/2024\/11\/49.-SKUPSTINA-HKD_programska-knjizica-130-217-87.pdf\">sa\u017eetak<\/a><\/span><br \/><span style=\"color: #808080;\">Petar Boromisa, LEXPERA d.o.o. (11:00-11:10)<\/span><\/p>\n<p style=\"padding-left: 40px;\">KNJI\u017dNICE I UMJETNA INTELIGENCIJA: PRILIKE I IZAZOVI <span style=\"color: #99ccff;\"><a style=\"color: #99ccff;\" href=\"https:\/\/skupstina.hkdrustvo.hr\/49-2024\/wp-content\/uploads\/sites\/2\/2024\/09\/Ana-Mestrovic.pdf\">sa\u017eetak<\/a><\/span><br \/><span style=\"color: #808080;\">izv. prof. dr. sc. Ana Me\u0161trovi\u0107 (11:10-11:40)<\/span><\/p>\n<h5>12:45-13:15 Pauza s poslu\u017eenjem<\/h5>\n<h5>13:15-14:25 Knji\u017eni\u010darski motor: Kako poslovni procesi pokre\u0107u inovacije<\/h5>\n<p>moderira: Dragana Koljenik, vi\u0161a knji\u017eni\u010darka<\/p>\n<p style=\"padding-left: 40px;\">KOORDINACIJA DIGITALIZACIJE GRA\u0110E U HRVATSKIM KNJI\u017dNICAMA \u2013 PRIMJER PROJEKTA <br \/>DIGITALIZACIJA I DOSTUPNOST STARIH HRVATSKIH NOVINA I \u010cASOPISA <a href=\"https:\/\/skupstina.hkdrustvo.hr\/49-2024\/wp-content\/uploads\/sites\/2\/2024\/11\/49.-SKUPSTINA-130-217-8-11-Klarin.pdf\"><span style=\"color: #99ccff;\">sa\u017eetak<\/span><\/a><br \/><span style=\"color: #808080;\">dr. sc. Sofija Klarin Zadravec, knji\u017eni\u010darska savjetnica<\/span><br \/><span style=\"color: #808080;\">Renata Petru\u0161i\u0107, knji\u017eni\u010darska savjetnica<\/span><br \/><span style=\"color: #808080;\">Karolina Holub, knji\u017eni\u010darska savjetnica<\/span><br \/><span style=\"color: #808080;\">Matilda Justini\u0107, vi\u0161a knji\u017eni\u010darka<\/span><br \/><span style=\"color: #808080;\">Sanja Lapi\u0161, knji\u017eni\u010darka<\/span><br \/><span style=\"color: #808080;\">Iva Ad\u017eaga A\u0161perger, knji\u017eni\u010darka<\/span><\/p>\n<p style=\"padding-left: 40px;\">VIRTUALNI VODI\u010c ZA TRAJNU POHRANU I ZA\u0160TITU DIGITALNE GRA\u0110E U KNJI\u017dNICAMA <a href=\"https:\/\/skupstina.hkdrustvo.hr\/49-2024\/wp-content\/uploads\/sites\/2\/2024\/11\/49.-SKUPSTINA-130-217-12-13-Justinic.pdf\"><span style=\"color: #99ccff;\">sa\u017eetak<\/span><\/a><br \/><span style=\"color: #808080;\">Matilda Justini\u0107, vi\u0161a knji\u017eni\u010darka<\/span><br \/><span style=\"color: #808080;\">Sanja Lapi\u0161, knji\u017eni\u010darka<\/span><\/p>\n<p style=\"padding-left: 40px;\"><span style=\"color: #808080;\">GENERATIVNI AI ALATI U CLARIVATE SOLUTIONS<\/span><br \/>Eva Czegledi, Clarivate Senior Account Manager <a href=\"https:\/\/skupstina.hkdrustvo.hr\/49-2024\/wp-content\/uploads\/sites\/2\/2024\/11\/49.-SKUPSTINA-HKD_programska-knjizica-130-217-88.pdf\"><span style=\"color: #99ccff;\">sa\u017eetak<\/span><\/a><\/p>\n<p style=\"padding-left: 40px;\">(U)\u010cITAJ! PRIMJENA QR KODA U PROMOCIJI KNJI\u017dNI\u010cNIH USLUGA <a href=\"https:\/\/skupstina.hkdrustvo.hr\/49-2024\/wp-content\/uploads\/sites\/2\/2024\/11\/49.-SKUPSTINA-130-217-14-16-Hodzajev.pdf\"><span style=\"color: #99ccff;\">sa\u017eetak<\/span><\/a><br \/><span style=\"color: #808080;\">Lucija Hod\u017eajev, knji\u017eni\u010darka<\/span><br \/><span style=\"color: #808080;\">Mila Perasovi\u0107, knji\u017eni\u010darka<\/span><br \/><span style=\"color: #808080;\">Luka Semenski, knji\u017eni\u010dar<\/span><\/p>\n<p style=\"padding-left: 40px;\">KNJIGE KOJE DOBRO ZVU\u010cE: JESU LI KNJI\u017dNICE SPREMNE ZA 21. STOLJE\u0106E? <a href=\"https:\/\/skupstina.hkdrustvo.hr\/49-2024\/wp-content\/uploads\/sites\/2\/2024\/11\/49.-SKUPSTINA-130-217-17-18-Kenda.pdf\"><span style=\"color: #99ccff;\">sa\u017eetak<\/span><\/a><br \/><span style=\"color: #808080;\">Jasmina Kenda, vi\u0161a knji\u017eni\u010darka<\/span><br \/><span style=\"color: #808080;\">Ljubica Letini\u0107<\/span><\/p>\n<p style=\"padding-left: 40px;\">RAD U AUTORMATIZIRANOJ SREDI\u0160NJOJ KNJI\u017dNICI GRADSKE KNJI\u017dNICE RIJEKA \u2013 O\u010cEKIVANJA I REALNOST <a href=\"https:\/\/skupstina.hkdrustvo.hr\/49-2024\/wp-content\/uploads\/sites\/2\/2024\/11\/49.-SKUPSTINA-130-217-19-20-Cvjetkovic.pdf\"><span style=\"color: #99ccff;\">sa\u017eetak<\/span><\/a><br \/><span style=\"color: #808080;\">Niko Cvjetkovi\u0107, knji\u017eni\u010dar<\/span><br \/><span style=\"color: #808080;\">Jelena Stipeti\u0107 \u0160u\u0161ak, vi\u0161a knji\u017eni\u010darka<\/span><\/p>\n<h5>15:00 \u2013 16:00 Hrvatsko knji\u017eni\u010darsko dru\u0161tvo kroz razli\u010dite perspektive prema kreativnim strategijama<br \/>FOKUS GRUPE<\/h5>\n<h4><span style=\"color: #800080;\">Camelia II<\/span><\/h4>\n<h5>9:45-10:50 Posterska izlaganja<\/h5>\n<p>moderira: Silvija Peri\u0107, vi\u0161a knji\u017eni\u010darka<\/p>\n<p style=\"padding-left: 40px;\">INTEGRACIJA KNJI\u017dNICE U ZAJEDNICI <a href=\"https:\/\/skupstina.hkdrustvo.hr\/49-2024\/wp-content\/uploads\/sites\/2\/2024\/11\/49.-SKUPSTINA-130-217-21-22-Putar.pdf\"><span style=\"color: #99ccff;\">sa\u017eetak<\/span> <\/a><a href=\"https:\/\/skupstina.hkdrustvo.hr\/49-2024\/wp-content\/uploads\/sites\/2\/2024\/11\/Integracija-knjiznice-u-zajednici_Putar-Vlasta.pdf\"><span style=\"color: #99cc00;\">e-poster <\/span><\/a><br \/><span style=\"color: #808080;\">Vlasta Putar, knji\u017eni\u010darka<\/span><\/p>\n<p style=\"padding-left: 40px;\">RAZGOVORI O ODR\u017dIVOSTI \u2013 INTEGRACIJA ZELENE PISMENOSTI U ZAJEDNICU <a href=\"https:\/\/skupstina.hkdrustvo.hr\/49-2024\/wp-content\/uploads\/sites\/2\/2024\/11\/49.-SKUPSTINA-130-217-23-24-Adamovic.pdf\"><span style=\"color: #99ccff;\">sa\u017eetak<\/span> <\/a><a href=\"https:\/\/skupstina.hkdrustvo.hr\/49-2024\/wp-content\/uploads\/sites\/2\/2024\/11\/Razgovori-o-odrzivosti_Adamovic-Neda.pdf\"><span style=\"color: #99cc00;\">e-poster<\/span><\/a><br \/><span style=\"color: #808080;\">Neda Adamovi\u0107, vi\u0161a knji\u017eni\u010darka<\/span><\/p>\n<p style=\"padding-left: 40px;\">ZELENE SURADNJE GRADSKE KNJI\u017dNICE ZADAR <a href=\"https:\/\/skupstina.hkdrustvo.hr\/49-2024\/wp-content\/uploads\/sites\/2\/2024\/11\/49.-SKUPSTINA-130-217-25-26-Bakmaz.pdf\"><span style=\"color: #99ccff;\">sa\u017eetak<\/span> <\/a><a href=\"https:\/\/skupstina.hkdrustvo.hr\/49-2024\/wp-content\/uploads\/sites\/2\/2024\/11\/Zelene-suradnje-Gradske-knjiznice-Zadar_Bakmaz-Matea.pdf\"><span style=\"color: #99cc00;\">e-poster<\/span><\/a><br \/><span style=\"color: #808080;\">Matea Bakmaz, knji\u017eni\u010darka<\/span><\/p>\n<p style=\"padding-left: 40px;\">SPOROM MODOM PREMA ODR\u017dIVOSTI: EKO AKTIVIZAM U KNJI\u017dNICAMA NOVI ZAGREB <a href=\"https:\/\/skupstina.hkdrustvo.hr\/49-2024\/wp-content\/uploads\/sites\/2\/2024\/11\/49.-SKUPSTINA-130-217-27-29-Predojevic.pdf\"><span style=\"color: #99ccff;\">sa\u017eetak<\/span> <\/a><a href=\"https:\/\/skupstina.hkdrustvo.hr\/49-2024\/wp-content\/uploads\/sites\/2\/2024\/11\/Plakat-Spora-moda-Landscape1.pdf\"><span style=\"color: #99cc00;\">e-poster<\/span><\/a><br \/><span style=\"color: #808080;\">Helena Predojevi\u0107, knji\u017eni\u010darka<\/span><br \/><span style=\"color: #808080;\">Nikolina Pucar, knji\u017eni\u010darka<\/span><br \/><span style=\"color: #808080;\">Tihana Ra\u0161eta, vi\u0161a knji\u017eni\u010darka<\/span><\/p>\n<p style=\"padding-left: 40px;\">SPIKAONICOM DO INKLUZIJE I MULTIKULTURALNOSTI <a href=\"https:\/\/skupstina.hkdrustvo.hr\/49-2024\/wp-content\/uploads\/sites\/2\/2024\/11\/49.-SKUPSTINA-130-217-30-31-Mikacevic.pdf\"><span style=\"color: #99ccff;\">sa\u017eetak<\/span> <\/a><a href=\"https:\/\/skupstina.hkdrustvo.hr\/49-2024\/wp-content\/uploads\/sites\/2\/2024\/11\/Spikaonicom-do-inkluzije-i-multikulturalnosti_Mikacevic-Branka-Petrec-Tatjana.pdf.pdf\"><span style=\"color: #99cc00;\">e-poster<\/span><\/a><br \/><span style=\"color: #808080;\">Branka Mika\u010devi\u0107 , knji\u017eni\u010darka<\/span><br \/><span style=\"color: #808080;\">Tatjana Petrec, knji\u017eni\u010darka<\/span><\/p>\n<p style=\"padding-left: 40px;\">S KNJIGOM NISMO SAMI: PODR\u0160KA UMIROVLJENICIMA KROZ USLUGE KNJI\u017dNICE <a href=\"https:\/\/skupstina.hkdrustvo.hr\/49-2024\/wp-content\/uploads\/sites\/2\/2024\/11\/49.-SKUPSTINA-130-217-32-33-Smider.pdf\"><span style=\"color: #99ccff;\">sa\u017eetak<\/span> <\/a><a href=\"https:\/\/skupstina.hkdrustvo.hr\/49-2024\/wp-content\/uploads\/sites\/2\/2024\/11\/S-knjigom-nismo-sami_Smider-Marinela.pdf\"><span style=\"color: #99cc00;\">e-poster<\/span><\/a><br \/><span style=\"color: #808080;\">Marinela \u0160mider, knji\u017eni\u010darka<\/span><\/p>\n<p style=\"padding-left: 40px;\">MULTIKULTURALNOST U KNJI\u017dNICI \u2013 PROGRAMI I AKTIVNOSTI ZA RANJIVE SKUPINE KORISNIKA U GRADSKOJ KNJI\u017dNICI ZADAR <a href=\"https:\/\/skupstina.hkdrustvo.hr\/49-2024\/wp-content\/uploads\/sites\/2\/2024\/11\/49.-SKUPSTINA-130-217-34-35-Bobas.pdf\"><span style=\"color: #99ccff;\">sa\u017eetak<\/span> <\/a><a href=\"https:\/\/skupstina.hkdrustvo.hr\/49-2024\/wp-content\/uploads\/sites\/2\/2024\/11\/Multikulturalnost-u-knjiznici-\u2013-programi-i-aktivnosti-za-ranjive-skupine-korisnika-u-Gradskoj-knjiznici-Zadar_Sterle-Martina_q.pdf\"><span style=\"color: #99cc00;\">e-poster<\/span><\/a><br \/><span style=\"color: #808080;\">Ivana Boba\u0161, knji\u017eni\u010darka<\/span><br \/><span style=\"color: #808080;\">Martina Sterle, knji\u017eni\u010darka<\/span><\/p>\n<p style=\"padding-left: 40px;\">HODOGRAM IZRADE IFLA-INIH SMJERNICA ZA INKLUZIVNE KNJI\u017dNI\u010cNE USLUGE ZA OSOBE S TE\u0160KO\u0106AMA \u010cITANJA STANDARDNOG TISKA <a href=\"https:\/\/skupstina.hkdrustvo.hr\/49-2024\/wp-content\/uploads\/sites\/2\/2024\/11\/49.-SKUPSTINA-130-217-36-37-Lesaja.pdf\"><span style=\"color: #99ccff;\">sa\u017eetak<\/span> <\/a><a href=\"https:\/\/skupstina.hkdrustvo.hr\/49-2024\/wp-content\/uploads\/sites\/2\/2024\/11\/Hodogram-izrade-IFLA-inih-Smjernica_Lesaja-Jelena_Zlatar-Radigovic.pdf\"><span style=\"color: #99cc00;\">e-poster<\/span><\/a><br \/><span style=\"color: #808080;\">Jelena Le\u0161aja, knji\u017eni\u010darka<\/span><br \/><span style=\"color: #808080;\">Karolina Zlatar Radigovi\u0107, knji\u017eni\u010darka<\/span><\/p>\n<p style=\"padding-left: 40px;\">\u010cITAONICA PRILAGO\u0110ENA OSOBAMA S INVALIDITETOM ZNANSTVENE KNJI\u017dNICE SVEU\u010cILI\u0160TA U ZADRU <a href=\"https:\/\/skupstina.hkdrustvo.hr\/49-2024\/wp-content\/uploads\/sites\/2\/2024\/11\/49.-SKUPSTINA-130-217-38-39-Senkic.pdf\"><span style=\"color: #99ccff;\">sa\u017eetak<\/span> <\/a><a href=\"https:\/\/skupstina.hkdrustvo.hr\/49-2024\/wp-content\/uploads\/sites\/2\/2024\/11\/Citaonica-prilagodena-osobama-s-invaliditetom-Znanstvene-knjiznice-Sveucilista-u-Zadru_SimatMihaela.pdf\"><span style=\"color: #99cc00;\">e-poster<\/span><\/a><br \/><span style=\"color: #808080;\">Marijana Senki\u0107-Klapan, knji\u017eni\u010dar<\/span><br \/><span style=\"color: #808080;\">Mihaela \u0160imat, knji\u017eni\u010darka<\/span><\/p>\n<p style=\"padding-left: 40px;\">\u010cITANJE NE POZNAJE GRANICE <a href=\"https:\/\/skupstina.hkdrustvo.hr\/49-2024\/wp-content\/uploads\/sites\/2\/2024\/11\/49.-SKUPSTINA-130-217-40-41-Cubakovic.pdf\"><span style=\"color: #99ccff;\">sa\u017eetak<\/span> <\/a><a href=\"https:\/\/skupstina.hkdrustvo.hr\/49-2024\/wp-content\/uploads\/sites\/2\/2024\/11\/Citanje_ne_poznaje_granice_Mirjana_Cubakovic.png\"><span style=\"color: #99cc00;\">e-poster<\/span><\/a><br \/><span style=\"color: #808080;\">Mirjana \u010cubakovi\u0107, knji\u017eni\u010darka, stru\u010dna suradnica savjetnica<\/span><\/p>\n<p style=\"padding-left: 40px;\">PROJEKT \u010cITAM LAK\u0160E! \u2013 LAK\u0160E \u010cITANJE DIGITALNIH SADR\u017dAJA <a href=\"https:\/\/skupstina.hkdrustvo.hr\/49-2024\/wp-content\/uploads\/sites\/2\/2024\/11\/49.-SKUPSTINA-130-217-42-44-Adzaga.pdf\"><span style=\"color: #99ccff;\">sa\u017eetak<\/span> <\/a><a href=\"https:\/\/skupstina.hkdrustvo.hr\/49-2024\/wp-content\/uploads\/sites\/2\/2024\/11\/Projekt-Citam-lakse-\u2013-lakse-citanje-digitalnih-sadrzaja_Petrusic-Renata-Adzaga-Asperger-Iva-Gabriel-Dunja-Marija-Romic-Kristina.pdf\"><span style=\"color: #99cc00;\">e-poster<\/span><\/a><br \/><span style=\"color: #808080;\">Iva Ad\u017eaga A\u0161perger, knji\u017eni\u010darka<\/span><br \/><span style=\"color: #808080;\">Renata Petru\u0161i\u0107, knji\u017eni\u010darska savjetnica<\/span><br \/><span style=\"color: #808080;\">Dunja Marija Gabriel, knji\u017eni\u010darska savjetnica<\/span><br \/><span style=\"color: #808080;\">dr. sc. Kristina Romi\u0107, vi\u0161a knji\u017eni\u010darka<\/span><\/p>\n<p style=\"padding-left: 40px;\">INTEGRACIJA MIGRANATA: TEMATSKI PORTAL <a href=\"https:\/\/skupstina.hkdrustvo.hr\/49-2024\/wp-content\/uploads\/sites\/2\/2024\/11\/49.-SKUPSTINA-130-217-45-46-Golubovic.pdf\"><span style=\"color: #99ccff;\">sa\u017eetak<\/span> <\/a><a href=\"https:\/\/skupstina.hkdrustvo.hr\/49-2024\/wp-content\/uploads\/sites\/2\/2024\/11\/Integracija-migranata_Strbac-Nikolina.pdf\"><span style=\"color: #99cc00;\">e-poster<\/span><\/a><br \/><span style=\"color: #808080;\">dr. sc. Vesna Golubovi\u0107, knji\u017eni\u010darska savjetnica<\/span><br \/><span style=\"color: #808080;\">Nikolina \u0160trbac, knji\u017eni\u010darka<\/span><\/p>\n<p style=\"padding-left: 40px;\">\u010cITAJMO ZAJEDNO UZ DIGITALNE ALATE <a href=\"https:\/\/skupstina.hkdrustvo.hr\/49-2024\/wp-content\/uploads\/sites\/2\/2024\/11\/49.-SKUPSTINA-130-217-47-49-Cunovic.pdf\"><span style=\"color: #99ccff;\">sa\u017eetak<\/span> <\/a><a href=\"https:\/\/skupstina.hkdrustvo.hr\/49-2024\/wp-content\/uploads\/sites\/2\/2024\/11\/Citajmo-zajedno-uz-digitalne-alate.png\"><span style=\"color: #99cc00;\">e-poster<\/span><\/a><br \/><span style=\"color: #808080;\">Kristina \u010cunovi\u0107, knji\u017eni\u010darska savjetnica<\/span><br \/><span style=\"color: #808080;\">Anita Malko\u010d Bi\u0161\u0107an, vi\u0161a knji\u017eni\u010darka<\/span><br \/><span style=\"color: #808080;\">Ana Han\u0111al, knji\u017eni\u010darka<\/span><\/p>\n<h5>11:00-12:45 Knji\u017enice u multikulturalnom kontekstu: inkluzivnost, raznolikost i odr\u017eivost<\/h5>\n<p>moderira: Nata\u0161a Mesi\u0107 Muharemi<\/p>\n<p style=\"padding-left: 40px;\">MULTIKULTURALNOST U GRADSKOJ KNJI\u017dNICI NA\u0160ICE &#8211; SURADNJOM DO BOLJE KNJI\u017dNICE I BOLJE ZAJEDNICE <a href=\"https:\/\/skupstina.hkdrustvo.hr\/49-2024\/wp-content\/uploads\/sites\/2\/2024\/11\/49.-SKUPSTINA-130-217-50-51-Sokic.pdf\"><span style=\"color: #99ccff;\">sa\u017eetak<\/span><\/a><br \/><span style=\"color: #808080;\">Silvija \u0160oki\u0107, knji\u017eni\u010darka<\/span><\/p>\n<p style=\"padding-left: 40px;\">SREDI\u0160NJA KNJI\u017dNICA RUSINA I UKRAJINACA RH U KRIZNIM VREMENIMA <a href=\"https:\/\/skupstina.hkdrustvo.hr\/49-2024\/wp-content\/uploads\/sites\/2\/2024\/11\/49.-SKUPSTINA-130-217-52-53-Todorcev.pdf\"><span style=\"color: #99ccff;\">sa\u017eetak<\/span><\/a><br \/><span style=\"color: #808080;\">Katarina Todorcev Hla\u010da, knji\u017eni\u010darska savjetnica<\/span><\/p>\n<p style=\"padding-left: 40px;\">SREDI\u0160NJE KNJI\u017dNICE NACIONALNIH MANJINA U REPUBLICI HRVATSKOJ <a href=\"https:\/\/skupstina.hkdrustvo.hr\/49-2024\/wp-content\/uploads\/sites\/2\/2024\/11\/49.-SKUPSTINA-130-217-54-56-Petkovic.pdf\"><span style=\"color: #99ccff;\">sa\u017eetak<\/span><\/a><br \/><span style=\"color: #808080;\">Sini\u0161a Petkovi\u0107, vi\u0161i knji\u017eni\u010dar<\/span><br \/><span style=\"color: #808080;\">Liana Dikovi\u0107, knji\u017eni\u010darka<\/span><br \/><span style=\"color: #808080;\">Vedrana Kova\u010d Vrana, vi\u0161a knji\u017eni\u010darka<\/span><\/p>\n<p style=\"padding-left: 40px;\">OSNA\u017dIVANJE RANJIVIH SKUPINA KROZ MOGU\u0106NOST ZAPO\u0160LJAVANJA U GRADSKOJ KNJI\u017dNICI ZADAR <a href=\"https:\/\/skupstina.hkdrustvo.hr\/49-2024\/wp-content\/uploads\/sites\/2\/2024\/11\/49.-SKUPSTINA-130-217-57-58-Kamber.pdf\"><span style=\"color: #99ccff;\">sa\u017eetak<\/span><\/a><br \/><span style=\"color: #808080;\">Doroteja Kamber-Konti\u0107, vi\u0161a knji\u017eni\u010darka<\/span><\/p>\n<p style=\"padding-left: 40px;\">POSJETI KNJI\u017dNICU-POSTANI DIO ZAJEDNICE <a href=\"https:\/\/skupstina.hkdrustvo.hr\/49-2024\/wp-content\/uploads\/sites\/2\/2024\/11\/49.-SKUPSTINA-130-217-59-60-Gaspar.pdf\"><span style=\"color: #99ccff;\">sa\u017eetak<\/span><\/a> <br \/><span style=\"color: #808080;\">Ida Ga\u0161par, vi\u0161a knji\u017eni\u010darka<\/span><br \/><span style=\"color: #808080;\">Danijela Petri\u0107, knji\u017eni\u010darka<\/span><\/p>\n<p style=\"padding-left: 40px;\">MULTIKULTURALNOST UNUTAR LOKALNE ZAJEDNICE U KNJI\u017dNICAMA GRADA ZAGREBA <a href=\"https:\/\/skupstina.hkdrustvo.hr\/49-2024\/wp-content\/uploads\/sites\/2\/2024\/11\/49.-SKUPSTINA-130-217-61-63-Raseta.pdf\"><span style=\"color: #99ccff;\">sa\u017eetak<\/span>\u00a0<\/a><br \/><span style=\"color: #808080;\">Tihana Ra\u0161eta, vi\u0161a knji\u017eni\u010darka<\/span><br \/><span style=\"color: #808080;\">Marijana Spevec Sinkovi\u0107, knji\u017eni\u010dar<\/span><\/p>\n<h5>12:45-13:15 Pauza s poslu\u017eenjem<\/h5>\n<h5>13:15-14:15 Radionica<\/h5>\n<p style=\"padding-left: 40px;\">POTICANJE ANGA\u017dMANA KNJI\u017dNICA ME\u0110U RAZNOLIKIM ZAJEDNICAMA <a href=\"https:\/\/skupstina.hkdrustvo.hr\/49-2024\/wp-content\/uploads\/sites\/2\/2024\/11\/49.-SKUPSTINA-130-217-64-65-Rundqvist.pdf\"><span style=\"color: #99ccff;\">opis<\/span><\/a><br \/><span style=\"color: #808080;\">Elisabet Rundqvist<\/span><\/p>\n<h5>15:00 \u2013 16:00 Hrvatsko knji\u017eni\u010darsko dru\u0161tvo kroz razli\u010dite perspektive prema kreativnim strategijama<br \/>FOKUS GRUPE<\/h5>\n<h4><del><span style=\"color: #800080;\">Volta<\/span><\/del><span style=\"color: #800080;\"> Camelia I<\/span><\/h4>\n<h5>9:45- 11:15 UMJETNA INTELIGENCIJA &#8211; primjeri dobre prakse<\/h5>\n<p>moderira: Petra Pancirov<\/p>\n<p style=\"padding-left: 40px;\">OSNA\u017dIVANJE KNJI\u017dNI\u010cARA: ALATI UMJETNE INTELIGENCIJE ZA BOLJE KORISNI\u010cKO ISKUSTVO <a href=\"https:\/\/skupstina.hkdrustvo.hr\/49-2024\/wp-content\/uploads\/sites\/2\/2024\/11\/49.-SKUPSTINA-130-217-66-67-Kliska.pdf\"><span style=\"color: #99ccff;\">sa\u017eetak<\/span><\/a><br \/><span style=\"color: #808080;\">Tito Kliska, knji\u017eni\u010dar<\/span><br \/><span style=\"color: #808080;\">Dinka Markulin, knji\u017eni\u010darka<\/span><\/p>\n<p style=\"padding-left: 40px;\"><del>POTENCIJALI BESPLATNIH AI ALATA U OSNA\u017dIVANJU MALIH KNJI\u017dNICA <span style=\"color: #99ccff;\">sa\u017eetak<\/span><\/del><br \/><del><span style=\"color: #808080;\">Ivanka Feren\u010di\u0107 Martin\u010di\u0107, vi\u0161a knji\u017eni\u010darka<\/span><\/del><\/p>\n<p style=\"padding-left: 40px;\">UMJETNA INTELIGENCIJA KAO ALAT ODNOSA S JAVNO\u0160\u0106U U NARODNOJ KNJI\u017dNICI : PRIMJENA UMJETNE INTELIGENCIJE U KNJI\u017dNI\u010cNIM PROJEKTIMA GRADSKE KNJI\u017dNICE KA\u0160TELA <a href=\"https:\/\/skupstina.hkdrustvo.hr\/49-2024\/wp-content\/uploads\/sites\/2\/2024\/11\/49.-SKUPSTINA-130-217-68-69-Dobric.pdf\"><span style=\"color: #99ccff;\">sa\u017eetak<\/span><\/a><br \/><span style=\"color: #808080;\">Renata Dobri\u0107, knji\u017eni\u010darka<\/span><\/p>\n<p style=\"padding-left: 40px;\">UMJETNA INTELIGENCIJA U KNJI\u017dNICAMA OSNOVNIH I SREDNJIH \u0160KOLA U HRVATSKOJ: POZNAVANJE I PRIMJENA UI TEHNOLOGIJA OD STRANE KNJI\u017dNI\u010cARA <a href=\"https:\/\/skupstina.hkdrustvo.hr\/49-2024\/wp-content\/uploads\/sites\/2\/2024\/11\/49.-SKUPSTINA-130-217-70-71-Duic.pdf\"><span style=\"color: #99ccff;\">sa\u017eetak<\/span><\/a><br \/><span style=\"color: #808080;\">izv. prof. dr. sc. Mirko Dui\u0107<\/span><\/p>\n<h5>11:15-12:30 Zelena tranzicija \u2013 uloga i doprinos knji\u017enica i knji\u017eni\u010dnih usluga odr\u017eivom razvoju dru\u0161tva<\/h5>\n<p>moderira: Karolina Zlatar Radigovi\u0107<\/p>\n<p style=\"padding-left: 40px;\">ODR\u017dIVOST U KNJI\u017dNICAMA \u2013 SURADNJA I UMRE\u017dAVANJE SA LOKALNIM ZAJEDNICAMA <a href=\"https:\/\/skupstina.hkdrustvo.hr\/49-2024\/wp-content\/uploads\/sites\/2\/2024\/11\/49.-SKUPSTINA-130-217-72-73-Bogdanic.pdf\"><span style=\"color: #99ccff;\">sa\u017eetak<\/span><\/a><br \/><span style=\"color: #808080;\">mr.sc. Ana Bogdani\u0107, knji\u017eni\u010darka<\/span><\/p>\n<p style=\"padding-left: 40px;\">ODR\u017dIVI MLADI ZA ZELENU KNJI\u017dNICU &#8211; SURADNI\u010cKI PROJEKT ZA MLADE <a href=\"https:\/\/skupstina.hkdrustvo.hr\/49-2024\/wp-content\/uploads\/sites\/2\/2024\/11\/49.-SKUPSTINA-130-217-74-75-Kotromanovic.pdf\"><span style=\"color: #99ccff;\">sa\u017eetak<\/span><\/a><br \/><span style=\"color: #808080;\">Mirjana Kotromanovi\u0107, vi\u0161a knji\u017eni\u010darka<\/span><\/p>\n<p style=\"padding-left: 40px;\">PROGRAM \u201eVOLIM PRIRODU\u201c GRADSKE KNJI\u017dNICE SAMOBOR <a href=\"https:\/\/skupstina.hkdrustvo.hr\/49-2024\/wp-content\/uploads\/sites\/2\/2024\/11\/49.-SKUPSTINA-130-217-76-78-Turk.pdf\"><span style=\"color: #99ccff;\">sa\u017eetak<\/span><\/a><br \/><span style=\"color: #808080;\">Silvija Turk, knji\u017eni\u010darka<\/span><br \/><span style=\"color: #808080;\">Bla\u017eenka Mavri\u0107 Vadlja, knji\u017eni\u010darka<\/span><\/p>\n<p style=\"padding-left: 40px;\">ZELENI FESTIVAL \u2013 KARLOVA\u010cKA ZELENA PRI\u010cA <a href=\"https:\/\/skupstina.hkdrustvo.hr\/49-2024\/wp-content\/uploads\/sites\/2\/2024\/11\/49.-SKUPSTINA-130-217-79-80-Malkoc.pdf\"><span style=\"color: #99ccff;\">sa\u017eetak<\/span><\/a><br \/><span style=\"color: #808080;\">Anita Malko\u010d Bi\u0161\u0107an, vi\u0161a knji\u017eni\u010darka<\/span><br \/><span style=\"color: #808080;\">Kristina \u010cunovi\u0107, knji\u017eni\u010darska savjetnica<\/span><br \/><span style=\"color: #808080;\">Sanja Gra\u0161a, knji\u017eni\u010darka<\/span><\/p>\n<p style=\"padding-left: 40px;\">NATURA OBSCURA \u2013 ZELENA INICIJATIVA U KNJI\u017dNI\u010cARSTVU: MOTIVACIJA I OBRAZOVNE POTREBE <a href=\"https:\/\/skupstina.hkdrustvo.hr\/49-2024\/wp-content\/uploads\/sites\/2\/2024\/11\/49.-SKUPSTINA-130-217-81-82-Pranic.pdf\"><span style=\"color: #99ccff;\">sa\u017eetak<\/span>\u00a0<\/a><br \/><span style=\"color: #808080;\">Maja Prani\u0107, knji\u017eni\u010darka<\/span><\/p>\n<h5>12:45-13:15 Pauza<span style=\"color: #000000;\"> s poslu\u017eenjem<\/span><\/h5>\n<h5>13:15-14:45 Panel<\/h5>\n<p>moderira: Lana Zrni\u0107, vi\u0161a knji\u017eni\u010darka<\/p>\n<p style=\"padding-left: 40px;\">ZELENE KNJI\u017dNICE U HRVATSKOJ <span style=\"color: #99ccff;\">opis<\/span><br \/><span style=\"color: #808080;\">Ivan Kraljevi\u0107, knji\u017eni\u010darski savjetnik<\/span><br \/><span style=\"color: #808080;\">Dolores Mumela\u0161<\/span><br \/><span style=\"color: #808080;\">Anita Malko\u010d Bi\u0161\u010dan, vi\u0161a knji\u017eni\u010darka<\/span><br \/><span style=\"color: #808080;\">Dragica Pr\u0161o, knji\u017eni\u010darka<\/span><br \/><span style=\"color: #808080;\">Bla\u017eenka Klemar Bubi\u0107, vi\u0161a knji\u017eni\u010darka<\/span><\/p>\n<h5>15:00 \u2013 16:00 Hrvatsko knji\u017eni\u010darsko dru\u0161tvo kroz razli\u010dite perspektive prema kreativnim strategijama<br \/>FOKUS GRUPE<\/h5>\n<h4><span style=\"color: #800080;\">Gradska knji\u017enica i \u010ditaonica \u201eViktor Car Emin\u201d Opatija\u00a0<\/span><\/h4>\n<h5>18:30-20:00 Tematski posjet Gradskoj knji\u017enici i \u010ditaonici &#8220;Viktor Car Emin&#8221; Opatija<\/h5>\n<p style=\"padding-left: 40px;\">POD U\u010cKUN: PRI\u010cE IZ MRAKA NARODNE PREDAJE <br \/><span style=\"color: #808080;\"><del>Potrebna je prijava (putem dostavljenog obrasca).<\/del> Popunjeno.<\/span><br \/><span style=\"color: #808080;\">Broj sudionika je ograni\u010den na 30.<\/span><\/p>\n\n\n<figure class=\"wp-block-table\"><table class=\"has-fixed-layout\"><thead><tr><th>8:30 \u2013 9:30 Opatija kakvu (ne)znamo &#8211; \u0161etnja Opatijom uz stru\u010dno vodstvo&nbsp;<\/th><th><\/th><th><\/th><th><\/th><\/tr><tr><th>Registracijski pult<\/th><th>Kongresna dvorana<\/th><th>Camelia II<\/th><th><s>Volta<\/s> Camelia I<br><\/th><\/tr><\/thead><tbody><tr><td><\/td><td><\/td><td><\/td><td><\/td><\/tr><tr><td>9:00-10:00<br>Registracija sudionika<\/td><td><\/td><td><\/td><td><\/td><\/tr><tr><td><\/td><td>10:00-11:40<br>Pozvana izlaganja<\/td><td>9:45-10:50<br>Posteri<\/td><td>9:45- 11:15<br>UMJETNA INTELIGENCIJA &#8211; primjeri dobre prakse<\/td><\/tr><tr><td><\/td><td><\/td><td>11:00-12:45<br>Knji\u017enice u multikulturalnom kontekstu: inkluzivnost, raznolikost i odr\u017eivost<\/td><td>11:15-12:30<br>Zelena tranzicija \u2013 uloga i doprinos knji\u017enica i knji\u017eni\u010dnih usluga odr\u017eivom razvoju dru\u0161tva<\/td><\/tr><tr><td><\/td><td>12:45 \u2013 13:15<br>Pauza s poslu\u017eenjem<\/td><td>12:45 \u2013 13:15<br>Pauza s poslu\u017eenjem<\/td><td>12:45 \u2013 13:15<br>Pauza s poslu\u017eenjem<\/td><\/tr><tr><td><\/td><td>13:15 \u2013 14:25<br>Knji\u017eni\u010darski motor: Kako poslovni procesi pokre\u0107u inovacije<\/td><td>13:15-14:15<br>RADIONICA:<br>Poticanje anga\u017emana knji\u017enica me\u0111u raznolikim zajednicama<\/td><td>13:15-12:45<br>PANEL:<br>Zelene knji\u017enice u Hrvatskoj<\/td><\/tr><tr><td><\/td><td>15:00 \u2013 16:00<br>FOKUS GRUPE<br>Hrvatsko knji\u017eni\u010darsko dru\u0161tvo kroz razli\u010dite perspektive prema kreativnim strategijama <\/td><td>15:00 \u2013 16:00<br>FOKUS GRUPE<br>Hrvatsko knji\u017eni\u010darsko dru\u0161tvo kroz razli\u010dite perspektive prema kreativnim strategijama<\/td><td>15:00 \u2013 16:00<br>FOKUS GRUPE<br>Hrvatsko knji\u017eni\u010darsko dru\u0161tvo kroz razli\u010dite perspektive prema kreativnim strategijama<\/td><\/tr><tr><td><\/td><td>17:00 \u2013 18:00<br>Zaklju\u010dci skup\u0161tine<\/td><td><\/td><td><\/td><\/tr><\/tbody><\/table><figcaption class=\"wp-element-caption\"><strong>18:30 \u2013 20:00 tematski posjet Gradskoj knji\u017enici i \u010ditaonici \u201eViktor Car Emin\u201d Opatija<\/strong>: POD U\u010cKUN: PRI\u010cE IZ MRAKA NARODNE PREDAJE<\/figcaption><\/figure>\n\n\n\n<p><\/p>\n\n\n\n<p><\/p>\n\n\n\n<hr class=\"wp-block-separator has-alpha-channel-opacity is-style-wide\"\/>\n\n\n<h3><span style=\"color: #800080;\">SUBOTA, 16. studenoga 2024.<\/span><\/h3>\n<h4><span style=\"color: #800080;\">Art-kvart Ben\u010di\u0107<\/span><\/h4>\n<h5>10:00 posjet <a href=\"https:\/\/artkvart.hr\/kategorija\/kvart\/art-kvart-bencic\/gradska-knjiznica-rijeka\/\" target=\"_blank\" rel=\"noreferrer noopener\">Art-kvartu Ben\u010di\u0107<\/a> uz vo\u0111ene ture<\/h5>\n<\/p>\n\n\n<hr class=\"wp-block-separator has-alpha-channel-opacity\"\/>\n\n\n\n<div class=\"wp-block-group is-layout-grid wp-container-core-group-is-layout-9649a0d9 wp-block-group-is-layout-grid\">\n<p><span style=\"color: #000000;\">zlatni sponzori:<\/span><\/p>\n\n\n\n<figure class=\"wp-block-image size-full wp-container-content-69bc4bdf\"><a href=\"https:\/\/www.ebsco.com\/\"><img loading=\"lazy\" decoding=\"async\" width=\"1905\" height=\"409\" src=\"https:\/\/skupstina.hkdrustvo.hr\/49-2024\/wp-content\/uploads\/sites\/2\/2024\/09\/ebsco-logo-color-print-49.-SK-HKD-Zlatni-1.png\" alt=\"\" class=\"wp-image-573\" srcset=\"https:\/\/skupstina.hkdrustvo.hr\/49-2024\/wp-content\/uploads\/sites\/2\/2024\/09\/ebsco-logo-color-print-49.-SK-HKD-Zlatni-1.png 1905w, https:\/\/skupstina.hkdrustvo.hr\/49-2024\/wp-content\/uploads\/sites\/2\/2024\/09\/ebsco-logo-color-print-49.-SK-HKD-Zlatni-1-300x64.png 300w, https:\/\/skupstina.hkdrustvo.hr\/49-2024\/wp-content\/uploads\/sites\/2\/2024\/09\/ebsco-logo-color-print-49.-SK-HKD-Zlatni-1-1024x220.png 1024w, https:\/\/skupstina.hkdrustvo.hr\/49-2024\/wp-content\/uploads\/sites\/2\/2024\/09\/ebsco-logo-color-print-49.-SK-HKD-Zlatni-1-768x165.png 768w, https:\/\/skupstina.hkdrustvo.hr\/49-2024\/wp-content\/uploads\/sites\/2\/2024\/09\/ebsco-logo-color-print-49.-SK-HKD-Zlatni-1-1536x330.png 1536w, https:\/\/skupstina.hkdrustvo.hr\/49-2024\/wp-content\/uploads\/sites\/2\/2024\/09\/ebsco-logo-color-print-49.-SK-HKD-Zlatni-1-18x4.png 18w\" sizes=\"auto, (max-width: 1905px) 100vw, 1905px\" \/><\/a><\/figure>\n\n\n\n<figure class=\"wp-block-image size-full\"><a href=\"https:\/\/www.lexpera.hr\/\"><img loading=\"lazy\" decoding=\"async\" width=\"1713\" height=\"296\" src=\"https:\/\/skupstina.hkdrustvo.hr\/49-2024\/wp-content\/uploads\/sites\/2\/2024\/09\/lexpera_logo_pantone_pos_SLO_page-0001-49.SK-HKD-Zlatni-1.jpg\" alt=\"\" class=\"wp-image-574\" srcset=\"https:\/\/skupstina.hkdrustvo.hr\/49-2024\/wp-content\/uploads\/sites\/2\/2024\/09\/lexpera_logo_pantone_pos_SLO_page-0001-49.SK-HKD-Zlatni-1.jpg 1713w, https:\/\/skupstina.hkdrustvo.hr\/49-2024\/wp-content\/uploads\/sites\/2\/2024\/09\/lexpera_logo_pantone_pos_SLO_page-0001-49.SK-HKD-Zlatni-1-300x52.jpg 300w, https:\/\/skupstina.hkdrustvo.hr\/49-2024\/wp-content\/uploads\/sites\/2\/2024\/09\/lexpera_logo_pantone_pos_SLO_page-0001-49.SK-HKD-Zlatni-1-1024x177.jpg 1024w, https:\/\/skupstina.hkdrustvo.hr\/49-2024\/wp-content\/uploads\/sites\/2\/2024\/09\/lexpera_logo_pantone_pos_SLO_page-0001-49.SK-HKD-Zlatni-1-768x133.jpg 768w, https:\/\/skupstina.hkdrustvo.hr\/49-2024\/wp-content\/uploads\/sites\/2\/2024\/09\/lexpera_logo_pantone_pos_SLO_page-0001-49.SK-HKD-Zlatni-1-1536x265.jpg 1536w, https:\/\/skupstina.hkdrustvo.hr\/49-2024\/wp-content\/uploads\/sites\/2\/2024\/09\/lexpera_logo_pantone_pos_SLO_page-0001-49.SK-HKD-Zlatni-1-18x3.jpg 18w\" sizes=\"auto, (max-width: 1713px) 100vw, 1713px\" \/><\/a><\/figure>\n\n\n\n<figure class=\"wp-block-image size-full\"><img loading=\"lazy\" decoding=\"async\" width=\"443\" height=\"114\" src=\"https:\/\/skupstina.hkdrustvo.hr\/49-2024\/wp-content\/uploads\/sites\/2\/2024\/09\/Third-Iron-logo-49.-SK-HKD-Zlatni-1.png\" alt=\"\" class=\"wp-image-570\" srcset=\"https:\/\/skupstina.hkdrustvo.hr\/49-2024\/wp-content\/uploads\/sites\/2\/2024\/09\/Third-Iron-logo-49.-SK-HKD-Zlatni-1.png 443w, https:\/\/skupstina.hkdrustvo.hr\/49-2024\/wp-content\/uploads\/sites\/2\/2024\/09\/Third-Iron-logo-49.-SK-HKD-Zlatni-1-300x77.png 300w, https:\/\/skupstina.hkdrustvo.hr\/49-2024\/wp-content\/uploads\/sites\/2\/2024\/09\/Third-Iron-logo-49.-SK-HKD-Zlatni-1-18x5.png 18w\" sizes=\"auto, (max-width: 443px) 100vw, 443px\" \/><\/figure>\n<\/div>\n\n\n\n<hr class=\"wp-block-separator has-alpha-channel-opacity\"\/>\n\n\n\n<div class=\"wp-block-group is-layout-grid wp-container-core-group-is-layout-9649a0d9 wp-block-group-is-layout-grid\">\n<p>srebrni sponzori:<\/p>\n\n\n\n<figure class=\"wp-block-image size-large\"><a href=\"https:\/\/clarivate.com\/academia-government\/scientific-and-academic-research\/\"><img loading=\"lazy\" decoding=\"async\" width=\"1024\" height=\"313\" src=\"https:\/\/skupstina.hkdrustvo.hr\/49-2024\/wp-content\/uploads\/sites\/2\/2024\/09\/Clarivate-Logo-RGB_Horizontal-composition_Color-49.-SK-HKD-Srebrni-modificirani-1024x313.jpg\" alt=\"\" class=\"wp-image-560\" srcset=\"https:\/\/skupstina.hkdrustvo.hr\/49-2024\/wp-content\/uploads\/sites\/2\/2024\/09\/Clarivate-Logo-RGB_Horizontal-composition_Color-49.-SK-HKD-Srebrni-modificirani-1024x313.jpg 1024w, https:\/\/skupstina.hkdrustvo.hr\/49-2024\/wp-content\/uploads\/sites\/2\/2024\/09\/Clarivate-Logo-RGB_Horizontal-composition_Color-49.-SK-HKD-Srebrni-modificirani-300x92.jpg 300w, https:\/\/skupstina.hkdrustvo.hr\/49-2024\/wp-content\/uploads\/sites\/2\/2024\/09\/Clarivate-Logo-RGB_Horizontal-composition_Color-49.-SK-HKD-Srebrni-modificirani-768x235.jpg 768w, https:\/\/skupstina.hkdrustvo.hr\/49-2024\/wp-content\/uploads\/sites\/2\/2024\/09\/Clarivate-Logo-RGB_Horizontal-composition_Color-49.-SK-HKD-Srebrni-modificirani-18x6.jpg 18w, https:\/\/skupstina.hkdrustvo.hr\/49-2024\/wp-content\/uploads\/sites\/2\/2024\/09\/Clarivate-Logo-RGB_Horizontal-composition_Color-49.-SK-HKD-Srebrni-modificirani.jpg 1400w\" sizes=\"auto, (max-width: 1024px) 100vw, 1024px\" \/><\/a><\/figure>\n\n\n\n<figure class=\"wp-block-image size-full\"><a href=\"https:\/\/www.wiley.com\/en-ie\"><img loading=\"lazy\" decoding=\"async\" width=\"900\" height=\"361\" src=\"https:\/\/skupstina.hkdrustvo.hr\/49-2024\/wp-content\/uploads\/sites\/2\/2024\/09\/Wiley-logo-49.-SK-HKD-Srebrni.jpg\" alt=\"\" class=\"wp-image-575\" srcset=\"https:\/\/skupstina.hkdrustvo.hr\/49-2024\/wp-content\/uploads\/sites\/2\/2024\/09\/Wiley-logo-49.-SK-HKD-Srebrni.jpg 900w, https:\/\/skupstina.hkdrustvo.hr\/49-2024\/wp-content\/uploads\/sites\/2\/2024\/09\/Wiley-logo-49.-SK-HKD-Srebrni-300x120.jpg 300w, https:\/\/skupstina.hkdrustvo.hr\/49-2024\/wp-content\/uploads\/sites\/2\/2024\/09\/Wiley-logo-49.-SK-HKD-Srebrni-768x308.jpg 768w, https:\/\/skupstina.hkdrustvo.hr\/49-2024\/wp-content\/uploads\/sites\/2\/2024\/09\/Wiley-logo-49.-SK-HKD-Srebrni-18x7.jpg 18w\" sizes=\"auto, (max-width: 900px) 100vw, 900px\" \/><\/a><\/figure>\n\n\n\n<figure class=\"wp-block-image size-large\"><a href=\"https:\/\/www.primatlogistika.hr\/\"><img loading=\"lazy\" decoding=\"async\" width=\"1024\" height=\"293\" src=\"https:\/\/skupstina.hkdrustvo.hr\/49-2024\/wp-content\/uploads\/sites\/2\/2024\/10\/primat-1024x293.jpg\" alt=\"\" class=\"wp-image-828\" srcset=\"https:\/\/skupstina.hkdrustvo.hr\/49-2024\/wp-content\/uploads\/sites\/2\/2024\/10\/primat-1024x293.jpg 1024w, https:\/\/skupstina.hkdrustvo.hr\/49-2024\/wp-content\/uploads\/sites\/2\/2024\/10\/primat-300x86.jpg 300w, https:\/\/skupstina.hkdrustvo.hr\/49-2024\/wp-content\/uploads\/sites\/2\/2024\/10\/primat-768x220.jpg 768w, https:\/\/skupstina.hkdrustvo.hr\/49-2024\/wp-content\/uploads\/sites\/2\/2024\/10\/primat-1536x439.jpg 1536w, https:\/\/skupstina.hkdrustvo.hr\/49-2024\/wp-content\/uploads\/sites\/2\/2024\/10\/primat-2048x586.jpg 2048w, https:\/\/skupstina.hkdrustvo.hr\/49-2024\/wp-content\/uploads\/sites\/2\/2024\/10\/primat-18x5.jpg 18w\" sizes=\"auto, (max-width: 1024px) 100vw, 1024px\" \/><\/a><\/figure>\n<\/div>\n\n\n\n<hr class=\"wp-block-separator has-alpha-channel-opacity\"\/>\n\n\n\n<div class=\"wp-block-group is-layout-grid wp-container-core-group-is-layout-9649a0d9 wp-block-group-is-layout-grid\">\n<p>bron\u010dani sponzor:<\/p>\n\n\n\n<figure class=\"wp-block-image size-full\"><a href=\"https:\/\/www.tenzorsbs.hr\/\"><img loading=\"lazy\" decoding=\"async\" width=\"817\" height=\"610\" src=\"https:\/\/skupstina.hkdrustvo.hr\/49-2024\/wp-content\/uploads\/sites\/2\/2024\/09\/Tenzor-logo-49.-SK-HKD-Modificirani-sponzorski-paket.jpg\" alt=\"\" class=\"wp-image-561\" srcset=\"https:\/\/skupstina.hkdrustvo.hr\/49-2024\/wp-content\/uploads\/sites\/2\/2024\/09\/Tenzor-logo-49.-SK-HKD-Modificirani-sponzorski-paket.jpg 817w, https:\/\/skupstina.hkdrustvo.hr\/49-2024\/wp-content\/uploads\/sites\/2\/2024\/09\/Tenzor-logo-49.-SK-HKD-Modificirani-sponzorski-paket-300x224.jpg 300w, https:\/\/skupstina.hkdrustvo.hr\/49-2024\/wp-content\/uploads\/sites\/2\/2024\/09\/Tenzor-logo-49.-SK-HKD-Modificirani-sponzorski-paket-768x573.jpg 768w, https:\/\/skupstina.hkdrustvo.hr\/49-2024\/wp-content\/uploads\/sites\/2\/2024\/09\/Tenzor-logo-49.-SK-HKD-Modificirani-sponzorski-paket-16x12.jpg 16w\" sizes=\"auto, (max-width: 817px) 100vw, 817px\" \/><\/a><\/figure>\n\n\n\n<figure class=\"wp-block-image size-full\"><a href=\"https:\/\/skupstina.hkdrustvo.hr\/49-2024\/wp-content\/uploads\/sites\/2\/2024\/11\/ceeol_A5-General_Info_2024.pdf\"><img loading=\"lazy\" decoding=\"async\" width=\"400\" height=\"125\" src=\"https:\/\/skupstina.hkdrustvo.hr\/49-2024\/wp-content\/uploads\/sites\/2\/2024\/09\/CEEOL-full-49.-SK.-HKD.-Broncani.png\" alt=\"\" class=\"wp-image-559\" srcset=\"https:\/\/skupstina.hkdrustvo.hr\/49-2024\/wp-content\/uploads\/sites\/2\/2024\/09\/CEEOL-full-49.-SK.-HKD.-Broncani.png 400w, https:\/\/skupstina.hkdrustvo.hr\/49-2024\/wp-content\/uploads\/sites\/2\/2024\/09\/CEEOL-full-49.-SK.-HKD.-Broncani-300x94.png 300w, https:\/\/skupstina.hkdrustvo.hr\/49-2024\/wp-content\/uploads\/sites\/2\/2024\/09\/CEEOL-full-49.-SK.-HKD.-Broncani-18x6.png 18w\" sizes=\"auto, (max-width: 400px) 100vw, 400px\" \/><\/a><\/figure>\n<\/div>\n\n\n\n<hr class=\"wp-block-separator has-alpha-channel-opacity\"\/>\n\n\n\n<p><\/p>\n","protected":false},"excerpt":{"rendered":"<p>49. SKUP\u0160TINA HRVATSKOGA KNJI\u017dNI\u010cARSKOG DRU\u0160TVA: Knji\u017enica i zajednica: inovativnost, inkluzivnost, raznolikost i odr\u017eivost Opatija, Grand Hotel Adriatic I, 13. \u2013 16. studenoga 2024. SRIJEDA, 13. studenoga 2024. Registracijski pult 10:00 \u2013 14:00 Registracija sudionika Kongresna dvorana 14:00 \u2013 16:30\u00a0 IZBORNA SKUP\u0160TINA HRVATSKOGA KNJI\u017dNI\u010cARSKOG DRU\u0160TVA 16:30 &#8211; 17:00 Pauza 17:00- 18:30 Zajedni\u010dki sastana predstavnika IFLA MLAS [&hellip;]<\/p>\n","protected":false},"author":1,"featured_media":0,"parent":0,"menu_order":0,"comment_status":"closed","ping_status":"closed","template":"","meta":{"footnotes":""},"class_list":["post-308","page","type-page","status-publish","hentry"],"_links":{"self":[{"href":"https:\/\/skupstina.hkdrustvo.hr\/49-2024\/wp-json\/wp\/v2\/pages\/308","targetHints":{"allow":["GET"]}}],"collection":[{"href":"https:\/\/skupstina.hkdrustvo.hr\/49-2024\/wp-json\/wp\/v2\/pages"}],"about":[{"href":"https:\/\/skupstina.hkdrustvo.hr\/49-2024\/wp-json\/wp\/v2\/types\/page"}],"author":[{"embeddable":true,"href":"https:\/\/skupstina.hkdrustvo.hr\/49-2024\/wp-json\/wp\/v2\/users\/1"}],"replies":[{"embeddable":true,"href":"https:\/\/skupstina.hkdrustvo.hr\/49-2024\/wp-json\/wp\/v2\/comments?post=308"}],"version-history":[{"count":281,"href":"https:\/\/skupstina.hkdrustvo.hr\/49-2024\/wp-json\/wp\/v2\/pages\/308\/revisions"}],"predecessor-version":[{"id":1393,"href":"https:\/\/skupstina.hkdrustvo.hr\/49-2024\/wp-json\/wp\/v2\/pages\/308\/revisions\/1393"}],"wp:attachment":[{"href":"https:\/\/skupstina.hkdrustvo.hr\/49-2024\/wp-json\/wp\/v2\/media?parent=308"}],"curies":[{"name":"wp","href":"https:\/\/api.w.org\/{rel}","templated":true}]}}